{"id":3987,"date":"2020-12-17T12:50:41","date_gmt":"2020-12-17T12:50:41","guid":{"rendered":"https:\/\/eni.ulpgc.es\/?page_id=3987"},"modified":"2024-02-27T16:43:28","modified_gmt":"2024-02-27T16:43:28","slug":"tfg-tutorizados-eni-ulpgc","status":"publish","type":"page","link":"https:\/\/eni.ulpgc.es\/index.php\/tfg-tutorizados-eni-ulpgc\/","title":{"rendered":"TFG tutorizados ENI-ULPGC"},"content":{"rendered":"<p style=\"text-align: justify;\"><div class=\"fusion-fullwidth fullwidth-box fusion-builder-row-1 fusion-flex-container nonhundred-percent-fullwidth non-hundred-percent-height-scrolling\" style=\"--awb-border-radius-top-left:0px;--awb-border-radius-top-right:0px;--awb-border-radius-bottom-right:0px;--awb-border-radius-bottom-left:0px;\" ><div class=\"fusion-builder-row fusion-row fusion-flex-align-items-flex-start\" style=\"max-width:1497.6px;margin-left: calc(-4% \/ 2 );margin-right: calc(-4% \/ 2 );\"><div class=\"fusion-layout-column fusion_builder_column fusion-builder-column-0 fusion_builder_column_1_1 1_1 fusion-flex-column\" style=\"--awb-bg-size:cover;--awb-width-large:100%;--awb-margin-top-large:0px;--awb-spacing-right-large:1.92%;--awb-margin-bottom-large:20px;--awb-spacing-left-large:1.92%;--awb-width-medium:100%;--awb-order-medium:0;--awb-spacing-right-medium:1.92%;--awb-spacing-left-medium:1.92%;--awb-width-small:100%;--awb-order-small:0;--awb-spacing-right-small:1.92%;--awb-spacing-left-small:1.92%;\"><div class=\"fusion-column-wrapper fusion-column-has-shadow fusion-flex-justify-content-flex-start fusion-content-layout-column\"><div class=\"fusion-title title fusion-title-1 fusion-sep-none fusion-title-text fusion-title-size-one\" style=\"--awb-margin-bottom:2px;\"><h1 class=\"title-heading-left\" style=\"margin:0;\"><h1 style=\"text-align: justify;\">TFG Tutorizados ENI-ULPGC<\/h1>\n<p style=\"text-align: justify;\"><\/h1><\/div><div class=\"fusion-separator fusion-full-width-sep\" style=\"align-self: center;margin-left: auto;margin-right: auto;width:100%;\"><div class=\"fusion-separator-border sep-single\" style=\"--awb-height:20px;--awb-amount:20px;border-color:#ffa100;border-top-width:4px;\"><\/div><\/div><\/div><\/div><\/div><\/div><div class=\"fusion-fullwidth fullwidth-box fusion-builder-row-2 fusion-flex-container nonhundred-percent-fullwidth non-hundred-percent-height-scrolling\" style=\"--awb-border-radius-top-left:0px;--awb-border-radius-top-right:0px;--awb-border-radius-bottom-right:0px;--awb-border-radius-bottom-left:0px;\" ><div class=\"fusion-builder-row fusion-row fusion-flex-align-items-flex-start\" style=\"max-width:1497.6px;margin-left: calc(-4% \/ 2 );margin-right: calc(-4% \/ 2 );\"><div class=\"fusion-layout-column fusion_builder_column fusion-builder-column-1 fusion_builder_column_1_1 1_1 fusion-flex-column\" style=\"--awb-bg-size:cover;--awb-width-large:100%;--awb-margin-top-large:0px;--awb-spacing-right-large:1.92%;--awb-margin-bottom-large:20px;--awb-spacing-left-large:1.92%;--awb-width-medium:100%;--awb-order-medium:0;--awb-spacing-right-medium:1.92%;--awb-spacing-left-medium:1.92%;--awb-width-small:100%;--awb-order-small:0;--awb-spacing-right-small:1.92%;--awb-spacing-left-small:1.92%;\"><div class=\"fusion-column-wrapper fusion-column-has-shadow fusion-flex-justify-content-flex-start fusion-content-layout-column\"><div class=\"fusion-text fusion-text-1\"><p><strong>An\u00e1lisis de la externalizaci\u00f3n en los establecimientos tur\u00edsticos en 2023<\/strong><\/p>\n<ul>\n<li><span lang=\"es-ES\">Tutores: Espino Rodr\u00edguez, T.F.<br \/>\n<\/span><\/li>\n<li><span lang=\"es-ES\">Titulaci\u00f3n: Grado en Turismo<br \/>\n<\/span><\/li>\n<li><span lang=\"es-ES\">Universidad: Universidad de Las Palmas de Gran Canaria<\/span><\/li>\n<li><span lang=\"es-ES\">Fecha: noviembre, 2023<\/span><\/li>\n<\/ul>\n<p><strong>La satisfacci\u00f3n del estudiante universitario: una aplicaci\u00f3n a los estudiantes de GADE de la ULPGC en 2023<\/strong><\/p>\n<ul>\n<li>Tutora: Su\u00e1rez Ortega, S.M.<\/li>\n<li>Titulaci\u00f3n: Grado en Administraci\u00f3n y Direcci\u00f3n de Empresas<\/li>\n<li>Universidad: Universidad de Las Palmas de Gran Canaria<\/li>\n<li>Fecha: julio, 2023<\/li>\n<\/ul>\n<p style=\"text-align: justify;\"><strong>C\u00e1lculo de la huella de carbono de una empresa de recarga y comercializaci\u00f3n de bater\u00edas para autom\u00f3viles<\/strong><\/p>\n<ul style=\"text-align: justify;\">\n<li><span lang=\"es-ES\">Tutora: Olivares Mesa, A.<br \/>\n<\/span><\/li>\n<li><span lang=\"es-ES\">Titulaci\u00f3n: Grado en Administraci\u00f3n y Direcci\u00f3n de Empresas<br \/>\n<\/span><\/li>\n<li><span lang=\"es-ES\">Universidad: Universidad de Las Palmas de Gran Canaria<\/span><\/li>\n<li><span lang=\"es-ES\">Fecha: septiembre, 2022<\/span><\/li>\n<\/ul>\n<p style=\"text-align: justify;\"><strong>Propuesta de plan estrat\u00e9gico para la empresa Guaugas Gumidafe S.L. 2022-2025<\/strong><\/p>\n<ul style=\"text-align: justify;\">\n<li>Tutora: Garc\u00eda Soto, M.G.<\/li>\n<li>Titulaci\u00f3n: Grado en Administraci\u00f3n y Direcci\u00f3n de Empresas<\/li>\n<li>Universidad: Universidad de Las Palmas de Gran Canaria<\/li>\n<li>Fecha: julio, 2022<\/li>\n<\/ul>\n<p style=\"text-align: justify;\"><strong>Destino Gran Canaria: Impacto del Covid 19 en el espacio relacional y socioecon\u00f3mico interrumpido de la comunidad LGTBI de Europa<br \/>\n<\/strong><\/p>\n<ul style=\"text-align: justify;\">\n<li><span lang=\"es-ES\">Tutores: Gonz\u00e1lez Ram\u00edrez, F.E.; Guti\u00e9rrez P\u00e9rez, F.J.<br \/>\n<\/span><\/li>\n<li><span lang=\"es-ES\">Titulaci\u00f3n: Grado en Turismo<br \/>\n<\/span><\/li>\n<li><span lang=\"es-ES\">Universidad: Universidad de Las Palmas de Gran Canaria<\/span><\/li>\n<li><span lang=\"es-ES\">Fecha: enero, 2022<\/span><\/li>\n<\/ul>\n<p style=\"text-align: justify;\"><strong>La proporci\u00f3n de mujeres en cargos directivos en el mundo (2010-2019): una explicaci\u00f3n desde los factores institucionales de pa\u00edses de los cinco continentes<br \/>\n<\/strong><\/p>\n<ul style=\"text-align: justify;\">\n<li><span lang=\"es-ES\">Tutora: Su\u00e1rez Ortega, S.M.<br \/>\n<\/span><\/li>\n<li><span lang=\"es-ES\">Titulaci\u00f3n: Grado en Administraci\u00f3n y Direcci\u00f3n de Empresas<br \/>\n<\/span><\/li>\n<li><span lang=\"es-ES\">Universidad: Universidad de Las Palmas de Gran Canaria<\/span><\/li>\n<li><span lang=\"es-ES\">Fecha: enero, 2022<\/span><\/li>\n<\/ul>\n<p style=\"text-align: justify;\"><strong>Plan estrat\u00e9gico de la empresa Amanda Bus, S.L. 2021-2024<\/strong><\/p>\n<ul style=\"text-align: justify;\">\n<li>Tutora: Garc\u00eda Soto, M.G.<\/li>\n<li>Titulaci\u00f3n: Grado en Administraci\u00f3n y Direcci\u00f3n de Empresas<\/li>\n<li>Universidad: Universidad de Las Palmas de Gran Canaria<\/li>\n<li>Fecha: enero, 2022<\/li>\n<\/ul>\n<p style=\"text-align: justify;\"><strong>Inteligencia espiritual y emprendimiento: evasi\u00f3n de la incertidumbre, pasi\u00f3n e inter\u00e9s por emprender<\/strong><\/p>\n<ul style=\"text-align: justify;\">\n<li><span lang=\"es-ES\">Tutora: Cu\u00e9llar Molina, D.<br \/>\n<\/span><\/li>\n<li><span lang=\"es-ES\">Titulaci\u00f3n: Grado en Administraci\u00f3n y Direcci\u00f3n de Empresas<br \/>\n<\/span><\/li>\n<li><span lang=\"es-ES\">Universidad: Universidad de Las Palmas de Gran Canaria<\/span><\/li>\n<li><span lang=\"es-ES\">Fecha: julio, 2021<\/span><\/li>\n<\/ul>\n<p style=\"text-align: justify;\"><strong>Plan estrat\u00e9gico de la empresa Hortalan med S.L. 2020-2023<\/strong><\/p>\n<ul style=\"text-align: justify;\">\n<li>Tutora: Garc\u00eda Soto, M.G.<\/li>\n<li>Titulaci\u00f3n: Grado en Administraci\u00f3n y Direcci\u00f3n de Empresas<\/li>\n<li>Universidad: Universidad de Las Palmas de Gran Canaria<\/li>\n<li>Fecha: septiembre, 2021<\/li>\n<\/ul>\n<p style=\"text-align: justify;\"><strong>Econom\u00eda oce\u00e1nica y las leyes sobre el mar: responsabilidad social corporativa, compliance y cr\u00edmenes mar\u00edtimos<\/strong><\/p>\n<ul style=\"text-align: justify;\">\n<li>Tutores: Guti\u00e9rrez P\u00e9rez, F.J.; Montesdeoca Rodr\u00edguez, D.<\/li>\n<li>Titulaci\u00f3n: Doble Grado en Administraci\u00f3n y Direcci\u00f3n de Empresas y Derecho<\/li>\n<li>Universidad: Universidad de Las Palmas de Gran Canaria<\/li>\n<li>Fecha: julio, 2021<\/li>\n<\/ul>\n<p style=\"text-align: justify;\"><strong>La tutela de los derechos a la igualdad y no discriminaci\u00f3n en los procesos de debida diligencia corporativa: un examen de la perspectiva de g\u00e9nero en empresas tur\u00edsticas de Canarias, 2020.<\/strong><\/p>\n<ul style=\"text-align: justify;\">\n<li>Tutores: Guti\u00e9rrez P\u00e9rez, F.J.; Faleh P\u00e9rez, C.; Sosa Navarro, M.<\/li>\n<li>Titulaci\u00f3n: Doble Grado en Administraci\u00f3n y Direcci\u00f3n de Empresas y Derecho<\/li>\n<li>Universidad: Universidad de Las Palmas de Gran Canaria<\/li>\n<li>Fecha: julio, 2021<\/li>\n<\/ul>\n<p style=\"text-align: justify;\"><strong>Propuesta de plan estrat\u00e9gico del Club Padel La Calzada 2021-2023<\/strong><\/p>\n<ul style=\"text-align: justify;\">\n<li>Tutora: Garc\u00eda Soto, M.G.<\/li>\n<li>Titulaci\u00f3n: Grado en Administraci\u00f3n y Direcci\u00f3n de Empresas<\/li>\n<li>Universidad: Universidad de Las Palmas de Gran Canaria<\/li>\n<li>Fecha: julio, 2021<\/li>\n<\/ul>\n<p style=\"text-align: justify;\"><strong>An\u00e1lisis de la precariedad laboral en Espa\u00f1a y el impacto de la crisis sanitaria del 2020<\/strong><\/p>\n<ul style=\"text-align: justify;\">\n<li><span lang=\"es-ES\">Tutora: Cu\u00e9llar Molina, D.<br \/>\n<\/span><\/li>\n<li><span lang=\"es-ES\">Titulaci\u00f3n: Grado en Administraci\u00f3n y Direcci\u00f3n de Empresas<br \/>\n<\/span><\/li>\n<li><span lang=\"es-ES\">Universidad: Universidad de Las Palmas de Gran Canaria<\/span><\/li>\n<li><span lang=\"es-ES\">Fecha: enero, 2021<\/span><\/li>\n<\/ul>\n<p style=\"text-align: justify;\"><strong>Estudio de los principales grupos estrat\u00e9gicos en el sector de las aerol\u00edneas y sus respuestas ante la pandemia de la COVID-19: Comparando Binter, Ryanair e Iberia<br \/>\n<\/strong><\/p>\n<ul style=\"text-align: justify;\">\n<li><span lang=\"es-ES\">Tutora: Su\u00e1rez Ortega, S.M.<br \/>\n<\/span><\/li>\n<li><span lang=\"es-ES\">Titulaci\u00f3n: Grado en Administraci\u00f3n y Direcci\u00f3n de Empresas<br \/>\n<\/span><\/li>\n<li><span lang=\"es-ES\">Universidad: Universidad de Las Palmas de Gran Canaria<\/span><\/li>\n<li><span lang=\"es-ES\">Fecha: enero, 2021<\/span><\/li>\n<\/ul>\n<p style=\"text-align: justify;\"><strong>Propuesta de plan estrat\u00e9gico para la empresa Instalaciones Carla Perdomo, S.L. 2021-2023<\/strong><\/p>\n<ul style=\"text-align: justify;\">\n<li>Tutora: Garc\u00eda Soto, M.G.<\/li>\n<li>Titulaci\u00f3n: Grado en Administraci\u00f3n y Direcci\u00f3n de Empresas<\/li>\n<li>Universidad: Universidad de Las Palmas de Gran Canaria<\/li>\n<li>Fecha: enero, 2021<\/li>\n<\/ul>\n<p style=\"text-align: justify;\"><strong>Propuesta de plan estrat\u00e9gico 2021-2024 para la empresa Ecoalf Recycled Fabrics, S.L.<\/strong><\/p>\n<ul style=\"text-align: justify;\">\n<li>Tutor: Guti\u00e9rrez P\u00e9rez, F.J.<\/li>\n<li>Titulaci\u00f3n: Grado en Administraci\u00f3n y Direcci\u00f3n de Empresas<\/li>\n<li>Universidad: Universidad de Las Palmas de Gran Canaria<\/li>\n<li>Fecha: enero, 2021<\/li>\n<\/ul>\n<p style=\"text-align: justify;\"><strong>Big Data: l\u00edmites jur\u00eddicos al uso de datos y aprovechamiento para la generaci\u00f3n de ventaja competitiva en la empresa. Estudio de caso en los sectores financiero, sanitario, agr\u00edcola y tur\u00edstico<\/strong><\/p>\n<ul style=\"text-align: justify;\">\n<li>Tutora: Garc\u00eda Cabrera, A.M.<\/li>\n<li>Titulaci\u00f3n: Doble Grado en Administraci\u00f3n y Direcci\u00f3n de Empresas y Derecho<\/li>\n<li>Universidad: Universidad de Las Palmas de Gran Canaria<\/li>\n<li>Fecha: diciembre, 2020<\/li>\n<\/ul>\n<p style=\"text-align: justify;\"><strong>\u00a0An\u00e1lisis de la Sociedad An\u00f3nima Europea desde su entrada en vigor hasta el a\u00f1o 2019<\/strong><\/p>\n<ul style=\"text-align: justify;\">\n<li>Tutora: Su\u00e1rez Ortega, S.M.; L\u00f3pez Curbelo, J.L.<\/li>\n<li>Titulaci\u00f3n: Doble Grado en Administraci\u00f3n y Direcci\u00f3n de Empresas y Derecho<\/li>\n<li>Universidad: Universidad de Las Palmas de Gran Canaria<\/li>\n<li>Fecha: diciembre, 2020<\/li>\n<\/ul>\n<p style=\"text-align: justify;\"><strong>La orientaci\u00f3n emprendedora en PYMEs del sector hotelero y la promoci\u00f3n y protecci\u00f3n rec\u00edproca de inversiones (Espa\u00f1a-Marruecos) en la actualidad<\/strong><\/p>\n<ul style=\"text-align: justify;\">\n<li>Tutora: Su\u00e1rez Ortega, S.M.<\/li>\n<li>Titulaci\u00f3n: Doble Grado en Administraci\u00f3n y Direcci\u00f3n de Empresas y Derecho<\/li>\n<li>Universidad: Universidad de Las Palmas de Gran Canaria<\/li>\n<li>Fecha: octubre, 2020<\/li>\n<\/ul>\n<p style=\"text-align: justify;\"><strong>Viabilidad estrat\u00e9gica de una empresa de base tecnol\u00f3gica: TICTRA SL<\/strong><\/p>\n<ul style=\"text-align: justify;\">\n<li>Tutora: Garc\u00eda Soto, M.G.<\/li>\n<li>Titulaci\u00f3n: Grado en Administraci\u00f3n y Direcci\u00f3n de Empresas<\/li>\n<li>Universidad: Universidad de Las Palmas de Gran Canaria<\/li>\n<li>Fecha: septiembre, 2020<\/li>\n<\/ul>\n<p><strong>La importancia del equilibrio de roles en los equipos de trabajo: estudio de caso-metodolog\u00eda Belbin<\/strong><\/p>\n<ul style=\"text-align: justify;\">\n<li>Tutora: Cu\u00e9llar Molina, D.<\/li>\n<li>Titulaci\u00f3n: Grado en Relaciones Laborales y Recursos Humanos<\/li>\n<li>Universidad: Universidad de Las Palmas de Gran Canaria<\/li>\n<li>Fecha: septiembre, 2020<\/li>\n<\/ul>\n<p style=\"text-align: justify;\"><strong>Generaci\u00f3n de talento, empresas de base tecnol\u00f3gica e internacionalizaci\u00f3n: un an\u00e1lisis por comunidades aut\u00f3nomas<\/strong><\/p>\n<ul style=\"text-align: justify;\">\n<li>Tutora: Garc\u00eda Soto, M.G.<\/li>\n<li>Titulaci\u00f3n: Grado en Administraci\u00f3n y Direcci\u00f3n de Empresas<\/li>\n<li>Universidad: Universidad de Las Palmas de Gran Canaria<\/li>\n<li>Fecha: septiembre, 2020<\/li>\n<\/ul>\n<p style=\"text-align: justify;\"><strong>Futura tributaci\u00f3n de grandes empresas: antecedentes y consecuencias para la empresa internacional de la tasa Google<\/strong><\/p>\n<ul style=\"text-align: justify;\">\n<li>Tutora: Su\u00e1rez Ortega, S.M.<\/li>\n<li>Titulaci\u00f3n: Doble Grado en Administraci\u00f3n y Direcci\u00f3n de Empresas y Derecho<\/li>\n<li>Universidad: Universidad de Las Palmas de Gran Canaria<\/li>\n<li>Fecha: marzo, 2020<\/li>\n<\/ul>\n<p style=\"text-align: justify;\"><strong>La Ley Org\u00e1nica de igualdad de 2007 y desigualdad de g\u00e9nero en el \u00e1mbito empresarial: aproximaci\u00f3n emp\u00edrica al caso espa\u00f1ol en el contexto europeo en 2015<\/strong><\/p>\n<ul style=\"text-align: justify;\">\n<li>Tutora: Garc\u00eda Cabrera, A.M.<\/li>\n<li>Titulaci\u00f3n: Doble Grado en Administraci\u00f3n y Direcci\u00f3n de Empresas y Derecho<\/li>\n<li>Universidad: Universidad de Las Palmas de Gran Canaria<\/li>\n<li>Fecha: diciembre, 2019<\/li>\n<\/ul>\n<p style=\"text-align: justify;\"><strong>Inventario y valoraci\u00f3n de los espacios coworking de apoyo al emprendimiento en Canarias: un estudio emp\u00edrico en 2019<\/strong><\/p>\n<ul style=\"text-align: justify;\">\n<li>Tutora: Garc\u00eda Cabrera, A.M.<\/li>\n<li>Titulaci\u00f3n: Grado en Administraci\u00f3n y Direcci\u00f3n de Empresas<\/li>\n<li>Universidad: Universidad de Las Palmas de Gran Canaria<\/li>\n<li>Fecha: julio, 2019<\/li>\n<\/ul>\n<p style=\"text-align: justify;\"><strong>Plan estrat\u00e9gico de una empresa del sector del comercio al por mayor de frutas y hortalizas en Gran Canaria<\/strong><\/p>\n<ul style=\"text-align: justify;\">\n<li>Tutora: Garc\u00eda Soto, M.G.<\/li>\n<li>Titulaci\u00f3n: Grado en Administraci\u00f3n y Direcci\u00f3n de Empresas<\/li>\n<li>Universidad: Universidad de Las Palmas de Gran Canaria<\/li>\n<li>Fecha: julio, 2019<\/li>\n<\/ul>\n<p style=\"text-align: justify;\"><strong>An\u00e1lisis de las causas de fracaso de empresas de base tecnol\u00f3gica espa\u00f1olas fundadas entre 2000 y 2009<\/strong><\/p>\n<ul style=\"text-align: justify;\">\n<li>Tutora: Garc\u00eda Soto, M.G.<\/li>\n<li>Titulaci\u00f3n: Grado en Administraci\u00f3n y Direcci\u00f3n de Empresas<\/li>\n<li>Universidad: Universidad de Las Palmas de Gran Canaria<\/li>\n<li>Fecha: julio, 2019<\/li>\n<\/ul>\n<p style=\"text-align: justify;\"><strong>An\u00e1lisis del uso de los INCOTERMS 2010 en la exportaci\u00f3n en Espa\u00f1a en el periodo 2012-2016<\/strong><\/p>\n<ul style=\"text-align: justify;\">\n<li>Tutora: Su\u00e1rez Ortega, S.M.<\/li>\n<li>Titulaci\u00f3n: Doble Grado en Administraci\u00f3n y Direcci\u00f3n de Empresas y Derecho<\/li>\n<li>Universidad: Universidad de Las Palmas de Gran Canaria<\/li>\n<li>Fecha: julio, 2019<\/li>\n<\/ul>\n<p style=\"text-align: justify;\"><strong>Retos institucionales para operar en el sector hotelero en pa\u00edses en desarrollo: El caso de Sud\u00e1frica en 2019<\/strong><\/p>\n<ul style=\"text-align: justify;\">\n<li>Tutora: Su\u00e1rez Ortega, S.M.<\/li>\n<li>Titulaci\u00f3n: Grado en Administraci\u00f3n y Direcci\u00f3n de Empresas<\/li>\n<li>Universidad: Universidad de Las Palmas de Gran Canaria<\/li>\n<li>Fecha: junio, 2019<\/li>\n<\/ul>\n<p style=\"text-align: justify;\"><strong>Propuesta de plan estrat\u00e9gico de una empresa del sector de la consultor\u00eda ambiental especializada en el \u00e1mbito mar\u00edtimo y costero: Elittoral<\/strong><\/p>\n<ul style=\"text-align: justify;\">\n<li>Tutora: Garc\u00eda Soto, M.G.<\/li>\n<li>Titulaci\u00f3n: Grado en Administraci\u00f3n y Direcci\u00f3n de Empresas<\/li>\n<li>Universidad: Universidad de Las Palmas de Gran Canaria<\/li>\n<li>Fecha: mayo, 2019<\/li>\n<\/ul>\n<p style=\"text-align: justify;\"><strong>Plan estrat\u00e9gico para una empresa canaria del sector de la restauraci\u00f3n y organizaci\u00f3n de eventos<\/strong><\/p>\n<ul style=\"text-align: justify;\">\n<li>Tutora: Garc\u00eda Soto, M.G.<\/li>\n<li>Titulaci\u00f3n: Grado en Administraci\u00f3n y Direcci\u00f3n de Empresas<\/li>\n<li>Universidad: Universidad de Las Palmas de Gran Canaria<\/li>\n<li>Fecha: diciembre, 2018<\/li>\n<\/ul>\n<p style=\"text-align: justify;\"><strong>Propuesta de Plan Estrat\u00e9gico 2018-2021 para Deporsol, S.L.<\/strong><\/p>\n<ul style=\"text-align: justify;\">\n<li>Tutora: Garc\u00eda Cabrera, A.M.<\/li>\n<li>Titulaci\u00f3n: Grado en Administraci\u00f3n y Direcci\u00f3n de Empresas<\/li>\n<li>Universidad: Universidad de Las Palmas de Gran Canaria<\/li>\n<li>Fecha: julio, 2018<\/li>\n<\/ul>\n<p style=\"text-align: justify;\"><strong>Principales dificultades en la internacionalizaci\u00f3n hacia pa\u00edses en desarrollo: el caso de dos empresas del sector de la construcci\u00f3n en su entrada en \u00c1frica<\/strong><\/p>\n<ul style=\"text-align: justify;\">\n<li>Tutora: Garc\u00eda Cabrera, A.M.<\/li>\n<li>Titulaci\u00f3n: Grado en Administraci\u00f3n y Direcci\u00f3n de Empresas<\/li>\n<li>Universidad: Universidad de Las Palmas de Gran Canaria<\/li>\n<li>Fecha: julio, 2018<\/li>\n<\/ul>\n<p style=\"text-align: justify;\"><strong>Los restaurantes y los clientes con alergias e intolerancias alimenticias. Un an\u00e1lisis de la normativa y la gesti\u00f3n empresarial de los restaurantes de Las Palmas de Gran Canaria en 2017-2018<\/strong><\/p>\n<ul style=\"text-align: justify;\">\n<li>Tutora: Su\u00e1rez Ortega, S.M.<\/li>\n<li>Titulaci\u00f3n: Doble Grado en Administraci\u00f3n y Direcci\u00f3n de Empresas y Derecho<\/li>\n<li>Universidad: Universidad de Las Palmas de Gran Canaria<\/li>\n<li>Fecha: julio, 2018<\/li>\n<\/ul>\n<p style=\"text-align: justify;\"><strong>An\u00e1lisis del perfil de las empresas canarias instaladas en Marruecos (hasta 2016)<\/strong><\/p>\n<ul style=\"text-align: justify;\">\n<li>Tutora: Su\u00e1rez Ortega, S.M.<\/li>\n<li>Titulaci\u00f3n: Grado en Administraci\u00f3n y Direcci\u00f3n de Empresas<\/li>\n<li>Universidad: Universidad de Las Palmas de Gran Canaria<\/li>\n<li>Fecha: diciembre, 2017<\/li>\n<\/ul>\n<p style=\"text-align: justify;\"><strong>Emprendimiento y g\u00e9nero: un an\u00e1lisis en los viveros de empresas de Las Palmas de Gran Canaria<\/strong><\/p>\n<ul style=\"text-align: justify;\">\n<li>Tutora: Garc\u00eda Soto, M.G.<\/li>\n<li>Titulaci\u00f3n: Grado en Administraci\u00f3n y Direcci\u00f3n de Empresas<\/li>\n<li>Universidad: Universidad de Las Palmas de Gran Canaria<\/li>\n<li>Fecha: noviembre, 2017<\/li>\n<\/ul>\n<p style=\"text-align: justify;\"><strong>Plan estrat\u00e9gico de una empresa canaria del sector de la distribuci\u00f3n de productos c\u00e1rnicos<\/strong><\/p>\n<ul style=\"text-align: justify;\">\n<li>Tutora: Garc\u00eda Soto, M.G.<\/li>\n<li>Titulaci\u00f3n: Grado en Administraci\u00f3n y Direcci\u00f3n de Empresas<\/li>\n<li>Universidad: Universidad de Las Palmas de Gran Canaria<\/li>\n<li>Fecha: noviembre, 2017<\/li>\n<\/ul>\n<p style=\"text-align: justify;\"><strong>El mundo de la sharing economy. Acciones claves y estrategias de content marketing para la creaci\u00f3n de valor: un caso real<\/strong><\/p>\n<ul style=\"text-align: justify;\">\n<li>Tutora: Cu\u00e9llar Molina, D.<\/li>\n<li>Titulaci\u00f3n: Grado en Turismo<\/li>\n<li>Universidad: Escuela Universitaria de Turismo de Lanzarote (centro adscrito a la ULPGC)<\/li>\n<li>Fecha: curso 2017\/18<\/li>\n<\/ul>\n<p style=\"text-align: justify;\"><strong>Alerta emprendedora e internacionalizaci\u00f3n de las empresas de base tecnol\u00f3gica espa\u00f1olas<\/strong><\/p>\n<ul style=\"text-align: justify;\">\n<li>Tutora: Garc\u00eda Soto, M.G.<\/li>\n<li>Titulaci\u00f3n: Grado en Administraci\u00f3n y Direcci\u00f3n de Empresas<\/li>\n<li>Universidad: Universidad de Las Palmas de Gran Canaria<\/li>\n<li>Fecha: julio, 2017<\/li>\n<\/ul>\n<p style=\"text-align: justify;\"><strong>An\u00e1lisis del compromiso en la formulaci\u00f3n de planes estrat\u00e9gicos de las universidades p\u00fablicas canarias<\/strong><\/p>\n<ul style=\"text-align: justify;\">\n<li>Tutora: Garc\u00eda Soto, M.G.<\/li>\n<li>Titulaci\u00f3n: Grado en Administraci\u00f3n y Direcci\u00f3n de Empresas<\/li>\n<li>Universidad: Universidad de Las Palmas de Gran Canaria<\/li>\n<li>Fecha: julio, 2017<\/li>\n<\/ul>\n<p style=\"text-align: justify;\"><strong>El uso de las redes sociales (social media) por los restaurantes: Un an\u00e1lisis de los restaurantes de Gran canaria con datos de 2017<\/strong><\/p>\n<ul style=\"text-align: justify;\">\n<li>Tutora: Su\u00e1rez Ortega, S.M.<\/li>\n<li>Titulaci\u00f3n: Grado en Administraci\u00f3n y Direcci\u00f3n de Empresas<\/li>\n<li>Universidad: Universidad de Las Palmas de Gran Canaria<\/li>\n<li>Fecha: julio, 2017<\/li>\n<\/ul>\n<p style=\"text-align: justify;\"><strong>Cultura nacional y su efecto en la adopci\u00f3n de pr\u00e1cticas de RRHH durante la crisis econ\u00f3mica (2007-2014). An\u00e1lisis comparativo entre Alemania y Espa\u00f1a<\/strong><\/p>\n<ul style=\"text-align: justify;\">\n<li>Tutora: Garc\u00eda Cabrera, A.M.<\/li>\n<li>Titulaci\u00f3n: Grado en Administraci\u00f3n y Direcci\u00f3n de Empresas<\/li>\n<li>Universidad: Universidad de Las Palmas de Gran Canaria<\/li>\n<li>Fecha: diciembre, 2016<\/li>\n<\/ul>\n<p style=\"text-align: justify;\"><strong>Comparativa de factores de localizaci\u00f3n para la internacionalizaci\u00f3n de la franquicia espa\u00f1ola (2009)<\/strong><\/p>\n<ul style=\"text-align: justify;\">\n<li>Tutora: Garc\u00eda Cabrera, A.M.<\/li>\n<li>Titulaci\u00f3n: Grado en Administraci\u00f3n y Direcci\u00f3n de Empresas<\/li>\n<li>Universidad: Universidad de Las Palmas de Gran Canaria<\/li>\n<li>Fecha: diciembre, 2016<\/li>\n<\/ul>\n<p style=\"text-align: justify;\"><strong>Gobierno corporativo e internacionalizaci\u00f3n de las peque\u00f1as empresas de base tecnol\u00f3gica en Espa\u00f1a<\/strong><\/p>\n<ul style=\"text-align: justify;\">\n<li>Tutora: Garc\u00eda Soto, M.G.<\/li>\n<li>Titulaci\u00f3n: Grado en Administraci\u00f3n y Direcci\u00f3n de Empresas<\/li>\n<li>Universidad: Universidad de Las Palmas de Gran Canaria<\/li>\n<li>Fecha: noviembre, 2016<\/li>\n<\/ul>\n<p style=\"text-align: justify;\"><strong>Salinas del Norte de Lanzarote: historia, situaci\u00f3n actual, influencia y posibles aprovechamientos<\/strong><\/p>\n<ul style=\"text-align: justify;\">\n<li>Tutora: Cu\u00e9llar Molina, D.<\/li>\n<li>Titulaci\u00f3n: Grado en Turismo<\/li>\n<li>Universidad: Escuela Universitaria de Turismo de Lanzarote (centro adscrito a la ULPGC)<\/li>\n<li>Fecha: curso 2016\/17<\/li>\n<\/ul>\n<p style=\"text-align: justify;\"><strong>Propuesta de implantaci\u00f3n de un Sistema de Gesti\u00f3n Medioambiental ISO: 14001:2004 en un hotel<\/strong><\/p>\n<ul style=\"text-align: justify;\">\n<li>Tutora: Cu\u00e9llar Molina, D.<\/li>\n<li>Titulaci\u00f3n: Grado en Turismo<\/li>\n<li>Universidad: Escuela Universitaria de Turismo de Lanzarote (centro adscrito a la ULPGC)<\/li>\n<li>Fecha: curso 2016\/17<\/li>\n<\/ul>\n<p style=\"text-align: justify;\"><strong>Pr\u00e1cticas de internacionalizaci\u00f3n de empresas del sector tur\u00edstico espa\u00f1ol (1988-2008)<\/strong><\/p>\n<ul style=\"text-align: justify;\">\n<li>Tutora: Garc\u00eda Cabrera, A.M.<\/li>\n<li>Calificaci\u00f3n: Notable (7,5)<\/li>\n<li>Titulaci\u00f3n: Grado en Administraci\u00f3n y Direcci\u00f3n de Empresas<\/li>\n<li>Universidad: Universidad de Las Palmas de Gran Canaria<\/li>\n<li>Fecha: julio, 2016<\/li>\n<\/ul>\n<p style=\"text-align: justify;\"><strong>Internacionalizaci\u00f3n y supervivencia empresarial en tiempos de crisis: aplicaci\u00f3n al caso de empresas de base tecnol\u00f3gica en Espa\u00f1a<\/strong><\/p>\n<ul style=\"text-align: justify;\">\n<li>Tutora: Garc\u00eda Cabrera, A.M.<\/li>\n<li>Titulaci\u00f3n: Grado en Administraci\u00f3n y Direcci\u00f3n de Empresas<\/li>\n<li>Universidad: Universidad de Las Palmas de Gran Canaria<\/li>\n<li>Fecha: julio, 2016<\/li>\n<\/ul>\n<p style=\"text-align: justify;\"><strong>Los requisitos legales para la creaci\u00f3n de empresas y la actividad emprendedora de los inmigrantes en Canarias durante el periodo 2008-2014<\/strong><\/p>\n<ul style=\"text-align: justify;\">\n<li>Tutora: Garc\u00eda Cabrera, A.M.<\/li>\n<li>Titulaci\u00f3n: Doble Grado en Administraci\u00f3n y Direcci\u00f3n de Empresas y Derecho<\/li>\n<li>Universidad: Universidad de Las Palmas de Gran Canaria<\/li>\n<li>Fecha: julio, 2016<\/li>\n<\/ul>\n<p style=\"text-align: justify;\"><strong>Plan estrat\u00e9gico de una empresa canaria del sector de lotes de productos<\/strong><\/p>\n<ul style=\"text-align: justify;\">\n<li>Tutora: Garc\u00eda Soto, M.G.<\/li>\n<li>Titulaci\u00f3n: Grado en Administraci\u00f3n y Direcci\u00f3n de Empresas<\/li>\n<li>Universidad: Universidad de Las Palmas de Gran Canaria<\/li>\n<li>Fecha: junio, 2016<\/li>\n<\/ul>\n<p style=\"text-align: justify;\"><strong>La presencia de empresas canarias en el mundo: un an\u00e1lisis de los factores institucionales (2013-2015)<\/strong><\/p>\n<ul style=\"text-align: justify;\">\n<li>Tutora: Su\u00e1rez Ortega, S.M.<\/li>\n<li>Titulaci\u00f3n: Grado en Administraci\u00f3n y Direcci\u00f3n de Empresas<\/li>\n<li>Universidad: Universidad de Las Palmas de Gran Canaria<\/li>\n<li>Fecha: junio, 2016<\/li>\n<\/ul>\n<p style=\"text-align: justify;\"><strong>La selecci\u00f3n de mercados exteriores en la PYME: El caso de una empresa canaria<\/strong><\/p>\n<ul style=\"text-align: justify;\">\n<li>Tutora: Su\u00e1rez Ortega, S.M.<\/li>\n<li>Titulaci\u00f3n: Grado en Administraci\u00f3n y Direcci\u00f3n de Empresas<\/li>\n<li>Universidad: Universidad de Las Palmas de Gran Canaria<\/li>\n<li>Fecha: enero, 2016<\/li>\n<\/ul>\n<p style=\"text-align: justify;\"><strong>Efectos de la expansi\u00f3n de una empresa del sector de la distribuci\u00f3n alimentaria en un contexto de crisis<\/strong><\/p>\n<ul style=\"text-align: justify;\">\n<li>Tutora: Garc\u00eda Soto, M.G.<\/li>\n<li>Titulaci\u00f3n: Grado en Administraci\u00f3n y Direcci\u00f3n de Empresas<\/li>\n<li>Universidad: Universidad de Las Palmas de Gran Canaria<\/li>\n<li>Fecha: diciembre, 2015<\/li>\n<\/ul>\n<p style=\"text-align: justify;\"><strong>Plan estrat\u00e9gico de una empresa del sector de la construcci\u00f3n y del mobiliario urbano<\/strong><\/p>\n<ul style=\"text-align: justify;\">\n<li>Tutora: Garc\u00eda Soto, M.G.<\/li>\n<li>Titulaci\u00f3n: Grado en Administraci\u00f3n y Direcci\u00f3n de Empresas<\/li>\n<li>Universidad: Universidad de Las Palmas de Gran Canaria<\/li>\n<li>Fecha: diciembre, 2015<\/li>\n<\/ul>\n<p style=\"text-align: justify;\"><strong>T\u00edtulo: Retos y oportunidades en la internacionalizaci\u00f3n empresarial: Estudio del caso de una empresa que opera en el sector de las energ\u00edas renovables<\/strong><\/p>\n<ul style=\"text-align: justify;\">\n<li>Tutora: Garc\u00eda Cabrera, A.M.<\/li>\n<li>Titulaci\u00f3n: Grado en Administraci\u00f3n y Direcci\u00f3n de Empresas<\/li>\n<li>Universidad: Universidad de Las Palmas de Gran Canaria<\/li>\n<li>Fecha: diciembre, 2015<\/li>\n<\/ul>\n<p style=\"text-align: justify;\"><strong>Aplicaci\u00f3n de nuevas herramientas de marketing digital: Storytelling para Escuela Universitaria de Turismo de Lanzarote<\/strong><\/p>\n<ul style=\"text-align: justify;\">\n<li>Tutora: Cu\u00e9llar Molina, D.<\/li>\n<li>Titulaci\u00f3n: Grado en Turismo<\/li>\n<li>Universidad: Escuela Universitaria de Turismo de Lanzarote (centro adscrito a la ULPGC)<\/li>\n<li>Fecha: curso 2015\/16<\/li>\n<\/ul>\n<p style=\"text-align: justify;\"><strong>Inventario de comidas t\u00edpicas canarias en las Islas Canarias y propuesta de manual gastron\u00f3mico<\/strong><\/p>\n<ul style=\"text-align: justify;\">\n<li>Tutora: Cu\u00e9llar Molina, D.<\/li>\n<li>Titulaci\u00f3n: Grado en Turismo<\/li>\n<li>Universidad: Escuela Universitaria de Turismo de Lanzarote (centro adscrito a la ULPGC)<\/li>\n<li>Fecha: curso 2015\/16<\/li>\n<\/ul>\n<p style=\"text-align: justify;\"><strong>An\u00e1lisis del turismo de lujo en Lanzarote<\/strong><\/p>\n<ul style=\"text-align: justify;\">\n<li>Tutora: Cu\u00e9llar Molina, D.<\/li>\n<li>Titulaci\u00f3n: Grado en Turismo<\/li>\n<li>Universidad: Escuela Universitaria de Turismo de Lanzarote (centro adscrito a la ULPGC)<\/li>\n<li>Fecha: curso 2015\/16<\/li>\n<\/ul>\n<p style=\"text-align: justify;\"><strong>An\u00e1lisis de las consecuencias en el territorio del proceso de fusi\u00f3n en el sistema bancario espa\u00f1ol<\/strong><\/p>\n<ul style=\"text-align: justify;\">\n<li>Tutora: Garc\u00eda Soto, M.G.<\/li>\n<li>Titulaci\u00f3n: Grado en Administraci\u00f3n y Direcci\u00f3n de Empresas<\/li>\n<li>Universidad: Universidad de Las Palmas de Gran Canaria<\/li>\n<li>Fecha: julio, 2015<\/li>\n<\/ul>\n<p style=\"text-align: justify;\"><strong>Composici\u00f3n de los equipos de trabajo y su efecto en los resultados: un estudio emp\u00edrico en la Facultad de Econom\u00eda, Empresa y Turismo<\/strong><\/p>\n<ul style=\"text-align: justify;\">\n<li>Tutora: Garc\u00eda Soto, M.G.<\/li>\n<li>Titulaci\u00f3n: Grado en Administraci\u00f3n y Direcci\u00f3n de Empresas<\/li>\n<li>Universidad: Universidad de Las Palmas de Gran Canaria<\/li>\n<li>Fecha: julio, 2015<\/li>\n<\/ul>\n<p style=\"text-align: justify;\"><strong>Evaluaci\u00f3n de la calidad percibida por el cliente como herramienta para la mejora continua: estudio del caso de un establecimiento hotelero canario<\/strong><\/p>\n<ul style=\"text-align: justify;\">\n<li>Tutora: Garc\u00eda Cabrera, A.M.<\/li>\n<li>Titulaci\u00f3n: Grado en Administraci\u00f3n y Direcci\u00f3n de Empresas<\/li>\n<li>Universidad: Universidad de Las Palmas de Gran Canaria<\/li>\n<li>Fecha: julio, 2015<\/li>\n<\/ul>\n<p style=\"text-align: justify;\"><strong>An\u00e1lisis del perfil de las empresas canarias instaladas en Cabo Verde<\/strong><\/p>\n<ul style=\"text-align: justify;\">\n<li>Tutora: Su\u00e1rez Ortega, S.M.<\/li>\n<li>Titulaci\u00f3n: Grado en Administraci\u00f3n y Direcci\u00f3n de Empresas<\/li>\n<li>Universidad: Universidad de Las Palmas de Gran Canaria<\/li>\n<li>Fecha: junio, 2015<\/li>\n<\/ul>\n<p style=\"text-align: justify;\"><strong>An\u00e1lisis de la estrategia de diversificaci\u00f3n empresarial de las empresas tur\u00edsticas canarias<\/strong><\/p>\n<ul style=\"text-align: justify;\">\n<li>Tutora: Garc\u00eda Soto, M.G.<\/li>\n<li>Titulaci\u00f3n: Grado en Administraci\u00f3n y Direcci\u00f3n de Empresas<\/li>\n<li>Universidad: Universidad de Las Palmas de Gran Canaria<\/li>\n<li>Fecha: diciembre, 2014<\/li>\n<\/ul>\n<p style=\"text-align: justify;\"><strong>Crisis, estrategias y resultados de la Pyme grancanaria<\/strong><\/p>\n<ul style=\"text-align: justify;\">\n<li>Tutora: Garc\u00eda Cabrera, A.M.<\/li>\n<li>Titulaci\u00f3n: Grado en Administraci\u00f3n y Direcci\u00f3n de Empresas<\/li>\n<li>Universidad: Universidad de Las Palmas de Gran Canaria<\/li>\n<li>Fecha: diciembre, 2014<\/li>\n<\/ul>\n<p style=\"text-align: justify;\"><strong>La importancia de los manuales de procedimiento<\/strong><\/p>\n<ul style=\"text-align: justify;\">\n<li>Tutora: Cu\u00e9llar Moli<\/li>\n<li>Titulaci\u00f3n: Diplomatura en Turismo<\/li>\n<li>Universidad: Escuela Universitaria de Turismo de Lanzarote (centro adscrito a la ULPGC)<\/li>\n<li>Fecha: curso 2014\/15<\/li>\n<\/ul>\n<p style=\"text-align: justify;\"><strong>Motivaci\u00f3n emprendedora y oportunidad empresarial en el emprendimiento social: estudio del caso \u201cIntegrarte\u201d<\/strong><\/p>\n<ul style=\"text-align: justify;\">\n<li>Tutora: Garc\u00eda Cabrera, A.M.<\/li>\n<li>Titulaci\u00f3n: Grado en Administraci\u00f3n y Direcci\u00f3n de Empresas<\/li>\n<li>Universidad: Universidad de Las Palmas de Gran Canaria<\/li>\n<li>Fecha: junio, 2014<\/li>\n<\/ul>\n<p style=\"text-align: justify;\"><strong>El mercado LGTB<\/strong><\/p>\n<ul style=\"text-align: justify;\">\n<li>Tutora: Cu\u00e9llar Molina, D.<\/li>\n<li>Titulaci\u00f3n: Grado en Turismo<\/li>\n<li>Universidad: Escuela Universitaria de Turismo de Lanzarote (centro adscrito a la ULPGC)<\/li>\n<li>Fecha: curso 2013\/14<\/li>\n<\/ul>\n<p style=\"text-align: justify;\"><strong>Yield Managment in the tourism industry<\/strong><\/p>\n<ul style=\"text-align: justify;\">\n<li>Tutora: Cu\u00e9llar Molina, D.<\/li>\n<li>Titulaci\u00f3n: Grado en Turismo<\/li>\n<li>Universidad: Escuela Universitaria de Turismo de Lanzarote (centro adscrito a la ULPGC)<\/li>\n<li>Fecha: curso 2013\/14<\/li>\n<\/ul>\n<p style=\"text-align: justify;\"><strong>Importancia de la marca de un destino tur\u00edstico. Caso especial de Lanzarote.<\/strong><\/p>\n<ul style=\"text-align: justify;\">\n<li>Tutora: Cu\u00e9llar Molina, D.<\/li>\n<li>Titulaci\u00f3n: Grado en Turismo<\/li>\n<li>Universidad: Escuela Universitaria de Turismo de Lanzarote (centro adscrito a la ULPGC)<\/li>\n<li>Fecha: curso 2013\/14<\/li>\n<\/ul>\n<p style=\"text-align: justify;\"><strong>Desarrollo de los elementos enotur\u00edsticos en Lanzarote<\/strong><\/p>\n<ul style=\"text-align: justify;\">\n<li>Tutora: Cu\u00e9llar Molina, D.<\/li>\n<li>Titulaci\u00f3n: Diplomatura en Turismo<\/li>\n<li>Universidad: Escuela Universitaria de Turismo de Lanzarote (centro adscrito a la ULPGC)<\/li>\n<li>Fecha: curso 2012\/13<\/li>\n<\/ul>\n<p style=\"text-align: justify;\"><strong>Acercamiento al producto tur\u00edstico Lanzarote<\/strong><\/p>\n<ul style=\"text-align: justify;\">\n<li>Tutora: Cu\u00e9llar Molina, D.<\/li>\n<li>Titulaci\u00f3n: Grado en Turismo<\/li>\n<li>Universidad: Escuela Universitaria de Turismo de Lanzarote (centro adscrito a la ULPGC)<\/li>\n<li>Fecha: curso 2012\/13<\/li>\n<\/ul>\n<p style=\"text-align: justify;\"><strong>An\u00e1lisis del papel que la talasoplaya puede jugar en la renovaci\u00f3n del destino tur\u00edstico Fuerteventura<\/strong><\/p>\n<ul style=\"text-align: justify;\">\n<li>Tutora: Cu\u00e9llar Molina, D.<\/li>\n<li>Titulaci\u00f3n: Grado en Turismo<\/li>\n<li>Universidad: Escuela Universitaria de Turismo de Lanzarote (centro adscrito a la ULPGC)<\/li>\n<li>Fecha: curso 2012\/13<\/li>\n<\/ul>\n<p style=\"text-align: justify;\"><strong>European Sport Destination<\/strong><\/p>\n<ul style=\"text-align: justify;\">\n<li>Tutora: Cu\u00e9llar Molina, D.<\/li>\n<li>Titulaci\u00f3n: Diplomatura en Turismo<\/li>\n<li>Universidad: Escuela Universitaria de Turismo de Lanzarote (centro adscrito a la ULPGC)<\/li>\n<li>Fecha: curso 2011\/12<\/li>\n<\/ul>\n<p style=\"text-align: justify;\"><strong>Propuesta de mejora de la hosteler\u00eda de los Centros de Arte, Cultura y Turismo de Lanzarote<\/strong><\/p>\n<ul style=\"text-align: justify;\">\n<li>Tutora: Cu\u00e9llar Molina, D.<\/li>\n<li>Titulaci\u00f3n: Grado en Turismo<\/li>\n<li>Universidad: Escuela Universitaria de Turismo de Lanzarote (centro adscrito a la ULPGC)<\/li>\n<li>Fecha: curso 2011\/12<\/li>\n<\/ul>\n<p style=\"text-align: justify;\"><strong>Aplicaci\u00f3n de Internet en el sector alojativo de Lanzarote: el negocio electr\u00f3nico, calidad de los destinos tur\u00edsticos<\/strong><\/p>\n<ul style=\"text-align: justify;\">\n<li>Tutora: Cu\u00e9llar Molina, D.<\/li>\n<li>Titulaci\u00f3n: Diplomatura en Turismo<\/li>\n<li>Universidad: Escuela Universitaria de Turismo de Lanzarote (centro adscrito a la ULPGC)<\/li>\n<li>Fecha: curso 2010\/11<\/li>\n<\/ul>\n<p style=\"text-align: justify;\"><strong>Turismo accesible para discapacitados, una herramienta de competitividad del destino tur\u00edstico<\/strong><\/p>\n<ul style=\"text-align: justify;\">\n<li>Tutora: Cu\u00e9llar Molina, D.<\/li>\n<li>Titulaci\u00f3n: Diplomatura en Turismo<\/li>\n<li>Universidad: Escuela Universitaria de Turismo de Lanzarote (centro adscrito a la ULPGC)<\/li>\n<li>Fecha: curso 2010\/11<\/li>\n<\/ul>\n<p style=\"text-align: justify;\"><strong>El papel de las oficinas de informaci\u00f3n tur\u00edstica como herramienta para mejorar la calidad de los destinos tur\u00edsticos.<\/strong><\/p>\n<ul style=\"text-align: justify;\">\n<li>Tutora: Cu\u00e9llar Molina, D.<\/li>\n<li>Titulaci\u00f3n: Diplomatura en Turismo<\/li>\n<li>Universidad: Escuela Universitaria de Turismo de Lanzarote (centro adscrito a la ULPGC)<\/li>\n<li>Fecha: curso 2009\/10<\/li>\n<\/ul>\n<p style=\"text-align: justify;\">\n<\/div><\/div><\/div><\/div><\/div><\/p>\n","protected":false},"excerpt":{"rendered":"","protected":false},"author":1,"featured_media":0,"parent":0,"menu_order":0,"comment_status":"closed","ping_status":"closed","template":"","meta":[],"_links":{"self":[{"href":"https:\/\/eni.ulpgc.es\/index.php\/wp-json\/wp\/v2\/pages\/3987"}],"collection":[{"href":"https:\/\/eni.ulpgc.es\/index.php\/wp-json\/wp\/v2\/pages"}],"about":[{"href":"https:\/\/eni.ulpgc.es\/index.php\/wp-json\/wp\/v2\/types\/page"}],"author":[{"embeddable":true,"href":"https:\/\/eni.ulpgc.es\/index.php\/wp-json\/wp\/v2\/users\/1"}],"replies":[{"embeddable":true,"href":"https:\/\/eni.ulpgc.es\/index.php\/wp-json\/wp\/v2\/comments?post=3987"}],"version-history":[{"count":16,"href":"https:\/\/eni.ulpgc.es\/index.php\/wp-json\/wp\/v2\/pages\/3987\/revisions"}],"predecessor-version":[{"id":4435,"href":"https:\/\/eni.ulpgc.es\/index.php\/wp-json\/wp\/v2\/pages\/3987\/revisions\/4435"}],"wp:attachment":[{"href":"https:\/\/eni.ulpgc.es\/index.php\/wp-json\/wp\/v2\/media?parent=3987"}],"curies":[{"name":"wp","href":"https:\/\/api.w.org\/{rel}","templated":true}]}}