{"id":3725,"date":"2020-12-09T11:56:51","date_gmt":"2020-12-09T11:56:51","guid":{"rendered":"https:\/\/eni.ulpgc.es\/?page_id=3725"},"modified":"2021-01-04T16:38:02","modified_gmt":"2021-01-04T16:38:02","slug":"cursos-de-especializacion-impartidos","status":"publish","type":"page","link":"https:\/\/eni.ulpgc.es\/index.php\/cursos-de-especializacion-impartidos\/","title":{"rendered":"Cursos de especializaci\u00f3n impartidos"},"content":{"rendered":"<p><div class=\"fusion-fullwidth fullwidth-box fusion-builder-row-1 fusion-flex-container nonhundred-percent-fullwidth non-hundred-percent-height-scrolling\" style=\"--awb-border-radius-top-left:0px;--awb-border-radius-top-right:0px;--awb-border-radius-bottom-right:0px;--awb-border-radius-bottom-left:0px;\" ><div class=\"fusion-builder-row fusion-row fusion-flex-align-items-flex-start\" style=\"max-width:1497.6px;margin-left: calc(-4% \/ 2 );margin-right: calc(-4% \/ 2 );\"><div class=\"fusion-layout-column fusion_builder_column fusion-builder-column-0 fusion_builder_column_1_1 1_1 fusion-flex-column\" style=\"--awb-bg-size:cover;--awb-width-large:100%;--awb-margin-top-large:0px;--awb-spacing-right-large:1.92%;--awb-margin-bottom-large:20px;--awb-spacing-left-large:1.92%;--awb-width-medium:100%;--awb-order-medium:0;--awb-spacing-right-medium:1.92%;--awb-spacing-left-medium:1.92%;--awb-width-small:100%;--awb-order-small:0;--awb-spacing-right-small:1.92%;--awb-spacing-left-small:1.92%;\"><div class=\"fusion-column-wrapper fusion-column-has-shadow fusion-flex-justify-content-flex-start fusion-content-layout-column\"><div class=\"fusion-title title fusion-title-1 fusion-sep-none fusion-title-text fusion-title-size-one\" style=\"--awb-margin-bottom:2px;\"><h1 class=\"title-heading-left\" style=\"margin:0;\">Cursos de Especializaci\u00f3n Impartidos<\/h1><\/div><div class=\"fusion-separator fusion-full-width-sep\" style=\"align-self: center;margin-left: auto;margin-right: auto;width:100%;\"><div class=\"fusion-separator-border sep-single\" style=\"--awb-height:20px;--awb-amount:20px;border-color:#ffa100;border-top-width:4px;\"><\/div><\/div><\/div><\/div><\/div><\/div><div class=\"fusion-fullwidth fullwidth-box fusion-builder-row-2 fusion-flex-container nonhundred-percent-fullwidth non-hundred-percent-height-scrolling\" style=\"--awb-border-radius-top-left:0px;--awb-border-radius-top-right:0px;--awb-border-radius-bottom-right:0px;--awb-border-radius-bottom-left:0px;\" ><div class=\"fusion-builder-row fusion-row fusion-flex-align-items-flex-start\" style=\"max-width:1497.6px;margin-left: calc(-4% \/ 2 );margin-right: calc(-4% \/ 2 );\"><div class=\"fusion-layout-column fusion_builder_column fusion-builder-column-1 fusion_builder_column_1_1 1_1 fusion-flex-column\" style=\"--awb-bg-size:cover;--awb-width-large:100%;--awb-margin-top-large:0px;--awb-spacing-right-large:1.92%;--awb-margin-bottom-large:20px;--awb-spacing-left-large:1.92%;--awb-width-medium:100%;--awb-order-medium:0;--awb-spacing-right-medium:1.92%;--awb-spacing-left-medium:1.92%;--awb-width-small:100%;--awb-order-small:0;--awb-spacing-right-small:1.92%;--awb-spacing-left-small:1.92%;\"><div class=\"fusion-column-wrapper fusion-column-has-shadow fusion-flex-justify-content-flex-start fusion-content-layout-column\"><div class=\"fusion-tabs fusion-tabs-1 classic vertical-tabs icon-position-left mobile-mode-accordion\" style=\"--awb-title-border-radius-top-left:0px;--awb-title-border-radius-top-right:0px;--awb-title-border-radius-bottom-right:0px;--awb-title-border-radius-bottom-left:0px;--awb-inactive-color:#f6f6f6;--awb-background-color:#ffffff;--awb-border-color:#e2e2e2;--awb-active-border-color:#0066a1;\"><div class=\"nav\"><ul class=\"nav-tabs\" role=\"tablist\"><li class=\"active\" role=\"presentation\"><a class=\"tab-link\" data-toggle=\"tab\" role=\"tab\" aria-controls=\"tab-f1290b6a521ddb4077c\" aria-selected=\"true\" id=\"fusion-tab-eni-ulpgc\" href=\"#tab-f1290b6a521ddb4077c\"><h4 class=\"fusion-tab-heading\">ENI-ULPGC<\/h4><\/a><\/li><li role=\"presentation\"><a class=\"tab-link\" data-toggle=\"tab\" role=\"tab\" aria-controls=\"tab-3dc86d2525a47742656\" aria-selected=\"false\" tabindex=\"-1\" id=\"fusion-tab-i&amp;de-uniovi\" href=\"#tab-3dc86d2525a47742656\"><h4 class=\"fusion-tab-heading\">I&amp;DE-UNIOVI<\/h4><\/a><\/li><\/ul><\/div><div class=\"tab-content\"><div class=\"nav fusion-mobile-tab-nav\"><ul class=\"nav-tabs\" role=\"tablist\"><li class=\"active\" role=\"presentation\"><a class=\"tab-link\" data-toggle=\"tab\" role=\"tab\" aria-controls=\"tab-f1290b6a521ddb4077c\" aria-selected=\"true\" id=\"mobile-fusion-tab-eni-ulpgc\" href=\"#tab-f1290b6a521ddb4077c\"><h4 class=\"fusion-tab-heading\">ENI-ULPGC<\/h4><\/a><\/li><\/ul><\/div><div class=\"tab-pane fade fusion-clearfix in active\" role=\"tabpanel\" tabindex=\"0\" aria-labelledby=\"fusion-tab-eni-ulpgc\" id=\"tab-f1290b6a521ddb4077c\">\n<h2>Estrategia empresarial<\/h2>\n<p><strong>Planificaci\u00f3n estrat\u00e9gica en la administraci\u00f3n p\u00fablica<\/strong><br \/>\nModalidad: Formaci\u00f3n continua<br \/>\nEntidad organizadora: Cabildo de Fuerteventura<br \/>\nA\u00f1o: 2019, 2020<\/p>\n<p><strong>Planificaci\u00f3n estrat\u00e9gica en la administraci\u00f3n p\u00fablica<\/strong><br \/>\nModalidad: Experto Universitario en Alta Direcci\u00f3n P\u00fablica<br \/>\nEntidad organizadora: Universidad de Las Palmas de Gran Canaria<br \/>\nA\u00f1o: 2017<\/p>\n<p><strong>La direcci\u00f3n estrat\u00e9gica<\/strong><br \/>\nModalidad: Experto Universitario en Alta Direcci\u00f3n en Retail<br \/>\nEntidad organizadora: Universidad de Las Palmas de Gran Canaria<br \/>\nA\u00f1o: 2006, 2007<\/p>\n<p><strong>An\u00e1lisis de la competencia (Benchmarking)<\/strong><br \/>\nModalidad: Maestr\u00eda Universitaria en Direcci\u00f3n de Marketing<br \/>\nEntidad organizadora: Universidad de Las Palmas de Gran Canaria<br \/>\nA\u00f1o: 2004, 2007, 2010<\/p>\n<p><strong>La direcci\u00f3n estrat\u00e9gica de la empresa acu\u00edcola<\/strong><br \/>\nModalidad: Maestr\u00eda Universitaria Internacional en Acuicultura<br \/>\nEntidad organizadora: Universidad de Las Palmas de Gran Canaria<br \/>\nA\u00f1o: 2002, 2003<\/p>\n<p><strong>Estrategia y Cuadro de Mando Integral<\/strong><br \/>\nModalidad: Formaci\u00f3n continua<br \/>\nEntidad organizadora: Caja Insular de Ahorros de Canarias<br \/>\nA\u00f1o: 2002<\/p>\n<p><strong>Estrategias de la Oficina Bancaria<\/strong><br \/>\nModalidad: Formaci\u00f3n continua<br \/>\nEntidad organizadora: La Caixa<br \/>\nA\u00f1o: 2001<\/p>\n<p><strong>Gesti\u00f3n de la innovaci\u00f3n y su difusi\u00f3n como parte de la estrategia competitiva conducente al logro de ventajas competitivas en la Pyme<\/strong><br \/>\nModalidad: Formaci\u00f3n continua<br \/>\nEntidad organizadora: FEMEPA &#8211; FEMETE<br \/>\nA\u00f1o: 1999<\/p>\n<p><strong>La direcci\u00f3n estrat\u00e9gica<\/strong><br \/>\nModalidad: Maestr\u00eda Universitaria en Direcci\u00f3n y Gesti\u00f3n de Empresas Agroalimentarias<br \/>\nEntidad organizadora: Universidad de Las Palmas de Gran Canaria<br \/>\nA\u00f1o: 1994<\/p>\n<h2>Estrategia de internacionalizaci\u00f3n y marketing Internacional<\/h2>\n<p><strong>Estrategia y Marketing Internacional<\/strong><br \/>\nModalidad: Maestr\u00eda en International Business (MIB)<br \/>\nEntidad organizadora: Universidad de Las Palmas de Gran Canaria<br \/>\nA\u00f1o: 2009, 2010<\/p>\n<p><strong>Internacionalizaci\u00f3n de la actividad<\/strong><br \/>\nModalidad: Diplomado en Gesti\u00f3n de la Innovaci\u00f3n para la Competitividad<br \/>\nEntidad organizadora: Universidad de San Sebasti\u00e1n, Chile<br \/>\nA\u00f1o: 2009<\/p>\n<p><strong>Marketing Internacional<\/strong><br \/>\nModalidad: Curso de Experto en Comercio Internacional y Log\u00edstica<br \/>\nEntidad organizadora: C\u00e1mara de Comercio de Las Palmas<br \/>\nA\u00f1o: 2007, 2008, 2009, 2010, 2011<\/p>\n<p><strong>Marketing-mix internacional<\/strong><br \/>\nModalidad: Experto en Distribuci\u00f3n, Log\u00edstica y Comercio Internacional<br \/>\nEntidad organizadora: Universidad de Las Palmas de Gran Canaria<br \/>\nA\u00f1o: 2005<\/p>\n<p><strong>Entorno multicultural de los negocios internacionales<\/strong><br \/>\nModalidad: Maestr\u00eda Universitaria en Direcci\u00f3n de Empresas Internacionales<br \/>\nEntidad organizadora: Universidad de Las Palmas de Gran Canaria<br \/>\nA\u00f1o: 2000<\/p>\n<h2>Emprendimiento<\/h2>\n<p><strong>Creaci\u00f3n de Empresas y Emprendedur\u00eda en el Sector del Turismo Ambiental<\/strong><br \/>\nModalidad: Formaci\u00f3n continua<br \/>\nEntidad organizadora: Fundaci\u00f3n Universitaria de Las Palmas<br \/>\nA\u00f1o: 2004, 2005<\/p>\n<p><strong>Habilidades del Emprendedor<\/strong><br \/>\nModalidad: Formaci\u00f3n continua<br \/>\nEntidad organizadora: Fundaci\u00f3n Universitaria de Las Palmas<br \/>\nA\u00f1o: 2004<\/p>\n<p><strong>Creaci\u00f3n de Empresas y Emprendedur\u00eda en el Sector del Turismo Sostenible<\/strong><br \/>\nModalidad: Formaci\u00f3n continua<br \/>\nEntidad organizadora: Fundaci\u00f3n Universitaria de Las Palmas<br \/>\nA\u00f1o: 2003<\/p>\n<h2>Gesti\u00f3n del cambio en las organizaciones<\/h2>\n<p><strong>Cambio y Desarrollo Organizativo en Empresas del Sector de la Cultura y el Arte<\/strong><br \/>\nModalidad: Maestr\u00eda Universitaria en Gesti\u00f3n de las Empresas Culturales y Art\u00edsticas<br \/>\nEntidad organizadora: Universidad de Las Palmas de Gran Canaria<br \/>\nA\u00f1o: 2011<\/p>\n<p><strong>Gesti\u00f3n del cambio<\/strong><br \/>\nModalidad: Formaci\u00f3n continua<br \/>\nEntidad organizadora: Cabildo Insular de Gran Canaria<br \/>\nA\u00f1o: 2005<\/p>\n<p><strong>Innovaci\u00f3n y Calidad para el Desarrollo Local<\/strong><br \/>\nModalidad: Formaci\u00f3n continua<br \/>\nEntidad organizadora: Fundaci\u00f3n Universitaria de Las Palmas<br \/>\nA\u00f1o: 2003<\/p>\n<p><strong>Formaci\u00f3n de Responsables de la Calidad en las Organizaciones<\/strong><br \/>\nModalidad: Formaci\u00f3n continua<br \/>\nEntidad organizadora: Fundaci\u00f3n Universitaria de Las Palmas<br \/>\nA\u00f1o: 2002<\/p>\n<p><strong>Desarrollo y cambio organizativo: Gerencia y Dinamizaci\u00f3n de \u00c1reas Comerciales<\/strong><br \/>\nModalidad: Formaci\u00f3n continua<br \/>\nEntidad organizadora: Consejer\u00eda de Industria, Comercio y Artesan\u00eda del Cabildo Insular de Gran Canaria<br \/>\nA\u00f1o: 2001<\/p>\n<p><strong>Gesti\u00f3n del conocimiento y cambio organizativo<\/strong><br \/>\nModalidad: Maestr\u00eda Universitaria en Direcci\u00f3n y Gesti\u00f3n de Organizaciones y Servicios Deportivos<br \/>\nEntidad organizadora: Universidad de Las Palmas de Gran Canaria<br \/>\nA\u00f1o: 1998, 2005<\/p>\n<p><strong>Cambio y desarrollo organizativo<\/strong><br \/>\nModalidad: Maestr\u00eda Universitaria en Econom\u00eda de la Salud y Gesti\u00f3n Sanitaria<br \/>\nEntidad organizadora: Universidad de Las Palmas de Gran Canaria, Universidad de La Laguna<br \/>\nA\u00f1o: 1996, 2001, 2007<\/p>\n<p><strong>El cambio y la modernizaci\u00f3n del sector p\u00fablico: la cultura como un factor determinante<\/strong><br \/>\nModalidad: Maestr\u00eda Universitaria en Direcci\u00f3n y Gesti\u00f3n de las Administraciones P\u00fablicas<br \/>\nEntidad organizadora: Universidad de Las Palmas de Gran Canaria<br \/>\nA\u00f1o: 1995, 1999, 2002<\/p>\n<\/div><div class=\"nav fusion-mobile-tab-nav\"><ul class=\"nav-tabs\" role=\"tablist\"><li role=\"presentation\"><a class=\"tab-link\" data-toggle=\"tab\" role=\"tab\" aria-controls=\"tab-3dc86d2525a47742656\" aria-selected=\"false\" tabindex=\"-1\" id=\"mobile-fusion-tab-i&amp;de-uniovi\" href=\"#tab-3dc86d2525a47742656\"><h4 class=\"fusion-tab-heading\">I&amp;DE-UNIOVI<\/h4><\/a><\/li><\/ul><\/div><div class=\"tab-pane fade fusion-clearfix\" role=\"tabpanel\" tabindex=\"0\" aria-labelledby=\"fusion-tab-i&amp;de-uniovi\" id=\"tab-3dc86d2525a47742656\">\n<h2>Estrategia empresarial \/ Estrategia Internacional (M\u00f3dulo Estrategia Internacional en la asignatura Direcci\u00f3n Estrat\u00e9gica)<\/h2>\n<p>Modalidad: M\u00e1ster en Transporte y Gesti\u00f3n Log\u00edstica (T\u00edtulo propio)<\/p>\n<p>Entidad organizadora: Universidad de Oviedo, con el apoyo del Ministerio de Transporte<\/p>\n<p>A\u00f1o: anualmente, entre el 2001 y 2020<\/p>\n<\/div><\/div><\/div><\/div><\/div><\/div><\/div><\/p>\n","protected":false},"excerpt":{"rendered":"","protected":false},"author":1,"featured_media":0,"parent":0,"menu_order":0,"comment_status":"closed","ping_status":"closed","template":"","meta":[],"_links":{"self":[{"href":"https:\/\/eni.ulpgc.es\/index.php\/wp-json\/wp\/v2\/pages\/3725"}],"collection":[{"href":"https:\/\/eni.ulpgc.es\/index.php\/wp-json\/wp\/v2\/pages"}],"about":[{"href":"https:\/\/eni.ulpgc.es\/index.php\/wp-json\/wp\/v2\/types\/page"}],"author":[{"embeddable":true,"href":"https:\/\/eni.ulpgc.es\/index.php\/wp-json\/wp\/v2\/users\/1"}],"replies":[{"embeddable":true,"href":"https:\/\/eni.ulpgc.es\/index.php\/wp-json\/wp\/v2\/comments?post=3725"}],"version-history":[{"count":9,"href":"https:\/\/eni.ulpgc.es\/index.php\/wp-json\/wp\/v2\/pages\/3725\/revisions"}],"predecessor-version":[{"id":3991,"href":"https:\/\/eni.ulpgc.es\/index.php\/wp-json\/wp\/v2\/pages\/3725\/revisions\/3991"}],"wp:attachment":[{"href":"https:\/\/eni.ulpgc.es\/index.php\/wp-json\/wp\/v2\/media?parent=3725"}],"curies":[{"name":"wp","href":"https:\/\/api.w.org\/{rel}","templated":true}]}}