{"id":3674,"date":"2020-12-04T16:18:02","date_gmt":"2020-12-04T16:18:02","guid":{"rendered":"https:\/\/eni.ulpgc.es\/?page_id=3674"},"modified":"2021-10-05T08:29:45","modified_gmt":"2021-10-05T08:29:45","slug":"premios-y-reconocimientos","status":"publish","type":"page","link":"https:\/\/eni.ulpgc.es\/index.php\/premios-y-reconocimientos\/","title":{"rendered":"Premios y reconocimientos"},"content":{"rendered":"<p><div class=\"fusion-fullwidth fullwidth-box fusion-builder-row-1 fusion-flex-container nonhundred-percent-fullwidth non-hundred-percent-height-scrolling\" style=\"--awb-border-radius-top-left:0px;--awb-border-radius-top-right:0px;--awb-border-radius-bottom-right:0px;--awb-border-radius-bottom-left:0px;\" ><div class=\"fusion-builder-row fusion-row fusion-flex-align-items-flex-start\" style=\"max-width:1497.6px;margin-left: calc(-4% \/ 2 );margin-right: calc(-4% \/ 2 );\"><div class=\"fusion-layout-column fusion_builder_column fusion-builder-column-0 fusion_builder_column_1_1 1_1 fusion-flex-column\" style=\"--awb-bg-size:cover;--awb-width-large:100%;--awb-margin-top-large:0px;--awb-spacing-right-large:1.92%;--awb-margin-bottom-large:20px;--awb-spacing-left-large:1.92%;--awb-width-medium:100%;--awb-order-medium:0;--awb-spacing-right-medium:1.92%;--awb-spacing-left-medium:1.92%;--awb-width-small:100%;--awb-order-small:0;--awb-spacing-right-small:1.92%;--awb-spacing-left-small:1.92%;\"><div class=\"fusion-column-wrapper fusion-column-has-shadow fusion-flex-justify-content-flex-start fusion-content-layout-column\"><div class=\"fusion-title title fusion-title-1 fusion-sep-none fusion-title-text fusion-title-size-one\" style=\"--awb-margin-bottom:2px;\"><h1 class=\"title-heading-left\" style=\"margin:0;\">Premios y reconocimientos recibidos<\/h1><\/div><div class=\"fusion-separator fusion-full-width-sep\" style=\"align-self: center;margin-left: auto;margin-right: auto;width:100%;\"><div class=\"fusion-separator-border sep-single\" style=\"--awb-height:20px;--awb-amount:20px;border-color:#ffa100;border-top-width:4px;\"><\/div><\/div><\/div><\/div><\/div><\/div><div class=\"fusion-fullwidth fullwidth-box fusion-builder-row-2 fusion-flex-container nonhundred-percent-fullwidth non-hundred-percent-height-scrolling\" style=\"--awb-border-radius-top-left:0px;--awb-border-radius-top-right:0px;--awb-border-radius-bottom-right:0px;--awb-border-radius-bottom-left:0px;\" ><div class=\"fusion-builder-row fusion-row fusion-flex-align-items-flex-start\" style=\"max-width:1497.6px;margin-left: calc(-4% \/ 2 );margin-right: calc(-4% \/ 2 );\"><div class=\"fusion-layout-column fusion_builder_column fusion-builder-column-1 fusion_builder_column_2_3 2_3 fusion-flex-column\" style=\"--awb-bg-size:cover;--awb-width-large:66.666666666667%;--awb-margin-top-large:0px;--awb-spacing-right-large:2.88%;--awb-margin-bottom-large:20px;--awb-spacing-left-large:2.88%;--awb-width-medium:100%;--awb-order-medium:0;--awb-spacing-right-medium:1.92%;--awb-spacing-left-medium:1.92%;--awb-width-small:100%;--awb-order-small:0;--awb-spacing-right-small:1.92%;--awb-spacing-left-small:1.92%;\"><div class=\"fusion-column-wrapper fusion-column-has-shadow fusion-flex-justify-content-center fusion-content-layout-column\"><div class=\"fusion-text fusion-text-1\"><p style=\"text-align: justify;\"><strong>PREMIO Best paper in Entrepreneurship Research based on practical cases on teaching en el VI Workshop Internacional de investigaci\u00f3n en emprendimiento GEM-ACEDE<br \/>\n<\/strong>Galardonados: Su\u00e1rez Ortega, S., Garc\u00eda Cabrera, A.M., Sonia Mar\u00eda, D\u00e9niz D\u00e9niz, M.C., Mart\u00edn Santana, J.D., Meli\u00e1n Alzola, L., Garc\u00eda Soto, M.G.<br \/>\nTrabajo premiado: \u00abCompetencias del directivo emprendedor: Comparativa de la importancia concedida por profesorado y estudiantado de los t\u00edtulos de grado en empresa\u00bb<br \/>\nFecha: 2021<\/p>\n<\/div><\/div><\/div><div class=\"fusion-layout-column fusion_builder_column fusion-builder-column-2 fusion_builder_column_1_3 1_3 fusion-flex-column\" style=\"--awb-bg-size:cover;--awb-width-large:33.333333333333%;--awb-margin-top-large:0px;--awb-spacing-right-large:5.76%;--awb-margin-bottom-large:20px;--awb-spacing-left-large:5.76%;--awb-width-medium:100%;--awb-order-medium:0;--awb-spacing-right-medium:1.92%;--awb-spacing-left-medium:1.92%;--awb-width-small:100%;--awb-order-small:0;--awb-spacing-right-small:1.92%;--awb-spacing-left-small:1.92%;\" id=\"fixed-height\"><div class=\"fusion-column-wrapper fusion-column-has-shadow fusion-flex-justify-content-flex-start fusion-content-layout-column\"><div class=\"fusion-image-element \" style=\"--awb-caption-title-font-family:var(--h2_typography-font-family);--awb-caption-title-font-weight:var(--h2_typography-font-weight);--awb-caption-title-font-style:var(--h2_typography-font-style);--awb-caption-title-size:var(--h2_typography-font-size);--awb-caption-title-transform:var(--h2_typography-text-transform);--awb-caption-title-line-height:var(--h2_typography-line-height);--awb-caption-title-letter-spacing:var(--h2_typography-letter-spacing);\"><span class=\" fusion-imageframe imageframe-none imageframe-1 hover-type-none\" class=\"image-magnify\" class=\"image-scroll\"><img decoding=\"async\" width=\"230\" height=\"193\" title=\"ACEDE\" src=\"https:\/\/eni.ulpgc.es\/wp-content\/uploads\/2020\/09\/Workshop-GEM-ACEDE.jpg\" alt class=\"img-responsive wp-image-3689\"\/><\/span><\/div><\/div><\/div><div class=\"fusion-layout-column fusion_builder_column fusion-builder-column-3 fusion_builder_column_2_3 2_3 fusion-flex-column\" style=\"--awb-bg-size:cover;--awb-width-large:66.666666666667%;--awb-margin-top-large:0px;--awb-spacing-right-large:2.88%;--awb-margin-bottom-large:20px;--awb-spacing-left-large:2.88%;--awb-width-medium:100%;--awb-order-medium:0;--awb-spacing-right-medium:1.92%;--awb-spacing-left-medium:1.92%;--awb-width-small:100%;--awb-order-small:0;--awb-spacing-right-small:1.92%;--awb-spacing-left-small:1.92%;\"><div class=\"fusion-column-wrapper fusion-column-has-shadow fusion-flex-justify-content-flex-start fusion-content-layout-column\"><div class=\"fusion-text fusion-text-2\"><p><strong><span lang=\"ES-TRAD\">PREMIO C\u00e1tedra Telef\u00f3nica de Investigaci\u00f3n, Innovaci\u00f3n y Cultura Cient\u00edfica<br \/>\n<\/span><\/strong>Galardonados: <span lang=\"ES-TRAD\">Garc\u00eda Cabrera, A.M., Garc\u00eda Soto, M.G., Guti\u00e9rrez P\u00e9rez, F.,\u00a0<\/span><span lang=\"ES-TRAD\">Mart\u00edn Rodr\u00edguez, I.<\/span><span lang=\"ES-TRAD\"><br \/>\n<\/span><span lang=\"ES-TRAD\">Trabajo premiado: Divulgaci\u00f3n de la investigaci\u00f3n sobre internacionalizaci\u00f3n de empresas de base tecnol\u00f3gica que realiza el grupo ENI-ULPGC<\/span><span lang=\"ES-TRAD\"><br \/>\n<\/span>Fecha: 2020<\/p>\n<\/div><\/div><\/div><div class=\"fusion-layout-column fusion_builder_column fusion-builder-column-4 fusion_builder_column_1_3 1_3 fusion-flex-column\" style=\"--awb-bg-size:cover;--awb-width-large:33.333333333333%;--awb-margin-top-large:0px;--awb-spacing-right-large:5.76%;--awb-margin-bottom-large:20px;--awb-spacing-left-large:5.76%;--awb-width-medium:100%;--awb-order-medium:0;--awb-spacing-right-medium:1.92%;--awb-spacing-left-medium:1.92%;--awb-width-small:100%;--awb-order-small:0;--awb-spacing-right-small:1.92%;--awb-spacing-left-small:1.92%;\" id=\"fixed-height\"><div class=\"fusion-column-wrapper fusion-column-has-shadow fusion-flex-justify-content-flex-start fusion-content-layout-column\"><div class=\"fusion-image-element \" style=\"--awb-caption-title-font-family:var(--h2_typography-font-family);--awb-caption-title-font-weight:var(--h2_typography-font-weight);--awb-caption-title-font-style:var(--h2_typography-font-style);--awb-caption-title-size:var(--h2_typography-font-size);--awb-caption-title-transform:var(--h2_typography-text-transform);--awb-caption-title-line-height:var(--h2_typography-line-height);--awb-caption-title-letter-spacing:var(--h2_typography-letter-spacing);\"><span class=\" fusion-imageframe imageframe-none imageframe-2 hover-type-none\" class=\"image-magnify\" class=\"image-scroll\"><img decoding=\"async\" width=\"1200\" height=\"268\" title=\"catedratelefonica_hc\" src=\"https:\/\/eni.ulpgc.es\/wp-content\/uploads\/2020\/09\/catedratelefonica_hc.jpg\" alt class=\"img-responsive wp-image-4258\" srcset=\"https:\/\/eni.ulpgc.es\/wp-content\/uploads\/2020\/09\/catedratelefonica_hc-200x45.jpg 200w, https:\/\/eni.ulpgc.es\/wp-content\/uploads\/2020\/09\/catedratelefonica_hc-400x89.jpg 400w, https:\/\/eni.ulpgc.es\/wp-content\/uploads\/2020\/09\/catedratelefonica_hc-600x134.jpg 600w, https:\/\/eni.ulpgc.es\/wp-content\/uploads\/2020\/09\/catedratelefonica_hc-800x179.jpg 800w, https:\/\/eni.ulpgc.es\/wp-content\/uploads\/2020\/09\/catedratelefonica_hc.jpg 1200w\" sizes=\"(max-width: 1024px) 100vw, (max-width: 640px) 100vw, 600px\" \/><\/span><\/div><\/div><\/div><div class=\"fusion-layout-column fusion_builder_column fusion-builder-column-5 fusion_builder_column_2_3 2_3 fusion-flex-column\" style=\"--awb-bg-size:cover;--awb-width-large:66.666666666667%;--awb-margin-top-large:0px;--awb-spacing-right-large:2.88%;--awb-margin-bottom-large:20px;--awb-spacing-left-large:2.88%;--awb-width-medium:100%;--awb-order-medium:0;--awb-spacing-right-medium:1.92%;--awb-spacing-left-medium:1.92%;--awb-width-small:100%;--awb-order-small:0;--awb-spacing-right-small:1.92%;--awb-spacing-left-small:1.92%;\"><div class=\"fusion-column-wrapper fusion-column-has-shadow fusion-flex-justify-content-flex-start fusion-content-layout-column\"><div class=\"fusion-text fusion-text-3\"><p><strong>PREMIO Estudios Financieros, XXIX edici\u00f3n, en la modalidad Contabilidad y Administraci\u00f3n de Empresas<\/strong><br \/>\nGalardonados: Garc\u00eda Cabrera, A.M., Garc\u00eda Soto, M.G., Guti\u00e9rrez P\u00e9rez, F.<br \/>\nTrabajo premiado: Impulsando la competitividad internacional de la empresa tur\u00edstica en Espa\u00f1a: Una agenda de cambio institucional<br \/>\nFecha: 2019<\/p>\n<\/div><\/div><\/div><div class=\"fusion-layout-column fusion_builder_column fusion-builder-column-6 fusion_builder_column_1_3 1_3 fusion-flex-column\" style=\"--awb-bg-size:cover;--awb-width-large:33.333333333333%;--awb-margin-top-large:0px;--awb-spacing-right-large:5.76%;--awb-margin-bottom-large:20px;--awb-spacing-left-large:5.76%;--awb-width-medium:100%;--awb-order-medium:0;--awb-spacing-right-medium:1.92%;--awb-spacing-left-medium:1.92%;--awb-width-small:100%;--awb-order-small:0;--awb-spacing-right-small:1.92%;--awb-spacing-left-small:1.92%;\" id=\"fixed-height\"><div class=\"fusion-column-wrapper fusion-column-has-shadow fusion-flex-justify-content-flex-start fusion-content-layout-column\"><div class=\"fusion-image-element \" style=\"--awb-caption-title-font-family:var(--h2_typography-font-family);--awb-caption-title-font-weight:var(--h2_typography-font-weight);--awb-caption-title-font-style:var(--h2_typography-font-style);--awb-caption-title-size:var(--h2_typography-font-size);--awb-caption-title-transform:var(--h2_typography-text-transform);--awb-caption-title-line-height:var(--h2_typography-line-height);--awb-caption-title-letter-spacing:var(--h2_typography-letter-spacing);\"><span class=\" fusion-imageframe imageframe-none imageframe-3 hover-type-none\" class=\"image-magnify\" class=\"image-scroll\"><img decoding=\"async\" width=\"227\" height=\"191\" title=\"CEF\" src=\"https:\/\/eni.ulpgc.es\/wp-content\/uploads\/2020\/12\/CEF.jpg\" alt class=\"img-responsive wp-image-3704\" srcset=\"https:\/\/eni.ulpgc.es\/wp-content\/uploads\/2020\/12\/CEF-200x168.jpg 200w, https:\/\/eni.ulpgc.es\/wp-content\/uploads\/2020\/12\/CEF.jpg 227w\" sizes=\"(max-width: 1024px) 100vw, (max-width: 640px) 100vw, 227px\" \/><\/span><\/div><\/div><\/div><div class=\"fusion-layout-column fusion_builder_column fusion-builder-column-7 fusion_builder_column_2_3 2_3 fusion-flex-column\" style=\"--awb-bg-size:cover;--awb-width-large:66.666666666667%;--awb-margin-top-large:0px;--awb-spacing-right-large:2.88%;--awb-margin-bottom-large:20px;--awb-spacing-left-large:2.88%;--awb-width-medium:100%;--awb-order-medium:0;--awb-spacing-right-medium:1.92%;--awb-spacing-left-medium:1.92%;--awb-width-small:100%;--awb-order-small:0;--awb-spacing-right-small:1.92%;--awb-spacing-left-small:1.92%;\"><div class=\"fusion-column-wrapper fusion-column-has-shadow fusion-flex-justify-content-flex-start fusion-content-layout-column\"><div class=\"fusion-text fusion-text-4\"><p><strong>PREMIO ESIC a la mejor investigaci\u00f3n en Administraci\u00f3n y Direcci\u00f3n de Empresas\u00a0\u00a0<\/strong><br \/>\nGalardonados: Dur\u00e1n Herrera, J.J., Garc\u00eda Cabrera, A.M.<br \/>\nTrabajo\u00a0premiado: MNE&#8217;s forms of engagement in institutional change: the case of the Spanish crisis<br \/>\nFecha: 2016<\/p>\n<\/div><\/div><\/div><div class=\"fusion-layout-column fusion_builder_column fusion-builder-column-8 fusion_builder_column_1_3 1_3 fusion-flex-column\" style=\"--awb-bg-size:cover;--awb-width-large:33.333333333333%;--awb-margin-top-large:0px;--awb-spacing-right-large:5.76%;--awb-margin-bottom-large:20px;--awb-spacing-left-large:5.76%;--awb-width-medium:100%;--awb-order-medium:0;--awb-spacing-right-medium:1.92%;--awb-spacing-left-medium:1.92%;--awb-width-small:100%;--awb-order-small:0;--awb-spacing-right-small:1.92%;--awb-spacing-left-small:1.92%;\" id=\"fixed-height\"><div class=\"fusion-column-wrapper fusion-column-has-shadow fusion-flex-justify-content-flex-start fusion-content-layout-column\"><div class=\"fusion-image-element \" style=\"--awb-caption-title-font-family:var(--h2_typography-font-family);--awb-caption-title-font-weight:var(--h2_typography-font-weight);--awb-caption-title-font-style:var(--h2_typography-font-style);--awb-caption-title-size:var(--h2_typography-font-size);--awb-caption-title-transform:var(--h2_typography-text-transform);--awb-caption-title-line-height:var(--h2_typography-line-height);--awb-caption-title-letter-spacing:var(--h2_typography-letter-spacing);\"><span class=\" fusion-imageframe imageframe-none imageframe-4 hover-type-none\" class=\"image-magnify\" class=\"image-scroll\"><img decoding=\"async\" width=\"246\" height=\"205\" title=\"ESIC\" src=\"https:\/\/eni.ulpgc.es\/wp-content\/uploads\/2020\/12\/ESIC.jpg\" alt class=\"img-responsive wp-image-3692\" srcset=\"https:\/\/eni.ulpgc.es\/wp-content\/uploads\/2020\/12\/ESIC-200x167.jpg 200w, https:\/\/eni.ulpgc.es\/wp-content\/uploads\/2020\/12\/ESIC.jpg 246w\" sizes=\"(max-width: 1024px) 100vw, (max-width: 640px) 100vw, 246px\" \/><\/span><\/div><\/div><\/div><div class=\"fusion-layout-column fusion_builder_column fusion-builder-column-9 fusion_builder_column_2_3 2_3 fusion-flex-column\" style=\"--awb-bg-size:cover;--awb-width-large:66.666666666667%;--awb-margin-top-large:0px;--awb-spacing-right-large:2.88%;--awb-margin-bottom-large:20px;--awb-spacing-left-large:2.88%;--awb-width-medium:100%;--awb-order-medium:0;--awb-spacing-right-medium:1.92%;--awb-spacing-left-medium:1.92%;--awb-width-small:100%;--awb-order-small:0;--awb-spacing-right-small:1.92%;--awb-spacing-left-small:1.92%;\"><div class=\"fusion-column-wrapper fusion-column-has-shadow fusion-flex-justify-content-flex-start fusion-content-layout-column\"><div class=\"fusion-text fusion-text-5\"><p><strong>PREMIO Mejor comunicaci\u00f3n de la Secci\u00f3n de Direcci\u00f3n Internacional en el XXI Congreso Nacional de ACEDE\u00a0<\/strong><br \/>\nGalardonadas: Garc\u00eda Cabrera, A.M., Garc\u00eda Soto, M.G.,\u00a0Su\u00e1rez Ortega, S.M.<br \/>\nTrabajo\u00a0premiado: From macro-level spillovers to micro-level dynamic capabilities: a knowledge-based model of new ventures\u2019 internationalization<br \/>\nFecha: 2011<\/p>\n<\/div><\/div><\/div><div class=\"fusion-layout-column fusion_builder_column fusion-builder-column-10 fusion_builder_column_1_3 1_3 fusion-flex-column\" style=\"--awb-bg-size:cover;--awb-width-large:33.333333333333%;--awb-margin-top-large:0px;--awb-spacing-right-large:5.76%;--awb-margin-bottom-large:20px;--awb-spacing-left-large:5.76%;--awb-width-medium:100%;--awb-order-medium:0;--awb-spacing-right-medium:1.92%;--awb-spacing-left-medium:1.92%;--awb-width-small:100%;--awb-order-small:0;--awb-spacing-right-small:1.92%;--awb-spacing-left-small:1.92%;\" id=\"fixed-height\"><div class=\"fusion-column-wrapper fusion-column-has-shadow fusion-flex-justify-content-flex-start fusion-content-layout-column\"><div class=\"fusion-image-element \" style=\"--awb-caption-title-font-family:var(--h2_typography-font-family);--awb-caption-title-font-weight:var(--h2_typography-font-weight);--awb-caption-title-font-style:var(--h2_typography-font-style);--awb-caption-title-size:var(--h2_typography-font-size);--awb-caption-title-transform:var(--h2_typography-text-transform);--awb-caption-title-line-height:var(--h2_typography-line-height);--awb-caption-title-letter-spacing:var(--h2_typography-letter-spacing);\"><span class=\" fusion-imageframe imageframe-none imageframe-5 hover-type-none\" class=\"image-magnify\" class=\"image-scroll\"><img decoding=\"async\" width=\"230\" height=\"193\" title=\"ACEDE\" src=\"https:\/\/eni.ulpgc.es\/wp-content\/uploads\/2020\/12\/ACEDE.jpg\" alt class=\"img-responsive wp-image-3689\" srcset=\"https:\/\/eni.ulpgc.es\/wp-content\/uploads\/2020\/12\/ACEDE-200x168.jpg 200w, https:\/\/eni.ulpgc.es\/wp-content\/uploads\/2020\/12\/ACEDE.jpg 230w\" sizes=\"(max-width: 1024px) 100vw, (max-width: 640px) 100vw, 230px\" \/><\/span><\/div><\/div><\/div><div class=\"fusion-layout-column fusion_builder_column fusion-builder-column-11 fusion_builder_column_2_3 2_3 fusion-flex-column\" style=\"--awb-bg-size:cover;--awb-width-large:66.666666666667%;--awb-margin-top-large:0px;--awb-spacing-right-large:2.88%;--awb-margin-bottom-large:20px;--awb-spacing-left-large:2.88%;--awb-width-medium:100%;--awb-order-medium:0;--awb-spacing-right-medium:1.92%;--awb-spacing-left-medium:1.92%;--awb-width-small:100%;--awb-order-small:0;--awb-spacing-right-small:1.92%;--awb-spacing-left-small:1.92%;\"><div class=\"fusion-column-wrapper fusion-column-has-shadow fusion-flex-justify-content-flex-start fusion-content-layout-column\"><div class=\"fusion-text fusion-text-6\"><p><strong>PREMIO Programa de Fomento de la Investigaci\u00f3n Empresarial en las Universidades Canarias.\u00a0Fundaci\u00f3n FYDE\u00a0CajaCanarias\u00a0<\/strong><br \/>\nGalardonados: Garc\u00eda Cabrera, A.M., \u00c1lamo Vera, F.R., Garc\u00eda-Barba Hern\u00e1ndez, F.<br \/>\nTrabajo premiado: Individuo y contexto: los determinantes de la resistencia al cambio en las organizaciones<br \/>\nFecha: 2010<\/p>\n<\/div><\/div><\/div><div class=\"fusion-layout-column fusion_builder_column fusion-builder-column-12 fusion_builder_column_1_3 1_3 fusion-flex-column\" style=\"--awb-bg-size:cover;--awb-width-large:33.333333333333%;--awb-margin-top-large:0px;--awb-spacing-right-large:5.76%;--awb-margin-bottom-large:20px;--awb-spacing-left-large:5.76%;--awb-width-medium:100%;--awb-order-medium:0;--awb-spacing-right-medium:1.92%;--awb-spacing-left-medium:1.92%;--awb-width-small:100%;--awb-order-small:0;--awb-spacing-right-small:1.92%;--awb-spacing-left-small:1.92%;\" id=\"fixed-height\"><div class=\"fusion-column-wrapper fusion-column-has-shadow fusion-flex-justify-content-flex-start fusion-content-layout-column\"><div class=\"fusion-image-element \" style=\"--awb-caption-title-font-family:var(--h2_typography-font-family);--awb-caption-title-font-weight:var(--h2_typography-font-weight);--awb-caption-title-font-style:var(--h2_typography-font-style);--awb-caption-title-size:var(--h2_typography-font-size);--awb-caption-title-transform:var(--h2_typography-text-transform);--awb-caption-title-line-height:var(--h2_typography-line-height);--awb-caption-title-letter-spacing:var(--h2_typography-letter-spacing);\"><span class=\" fusion-imageframe imageframe-none imageframe-6 hover-type-none\" class=\"image-magnify\" class=\"image-scroll\"><img decoding=\"async\" width=\"293\" height=\"172\" title=\"CajaCanaria\" src=\"https:\/\/eni.ulpgc.es\/wp-content\/uploads\/2020\/12\/CajaCanaria.png\" alt class=\"img-responsive wp-image-3685\" srcset=\"https:\/\/eni.ulpgc.es\/wp-content\/uploads\/2020\/12\/CajaCanaria-200x117.png 200w, https:\/\/eni.ulpgc.es\/wp-content\/uploads\/2020\/12\/CajaCanaria.png 293w\" sizes=\"(max-width: 1024px) 100vw, (max-width: 640px) 100vw, 293px\" \/><\/span><\/div><\/div><\/div><div class=\"fusion-layout-column fusion_builder_column fusion-builder-column-13 fusion_builder_column_2_3 2_3 fusion-flex-column\" style=\"--awb-bg-size:cover;--awb-width-large:66.666666666667%;--awb-margin-top-large:0px;--awb-spacing-right-large:2.88%;--awb-margin-bottom-large:20px;--awb-spacing-left-large:2.88%;--awb-width-medium:100%;--awb-order-medium:0;--awb-spacing-right-medium:1.92%;--awb-spacing-left-medium:1.92%;--awb-width-small:100%;--awb-order-small:0;--awb-spacing-right-small:1.92%;--awb-spacing-left-small:1.92%;\"><div class=\"fusion-column-wrapper fusion-column-has-shadow fusion-flex-justify-content-flex-start fusion-content-layout-column\"><div class=\"fusion-text fusion-text-7\"><p><strong>PREMIO Programa de Fomento de la Investigaci\u00f3n Empresarial en las Universidades Canarias.\u00a0Fundaci\u00f3n FYDE\u00a0CajaCanarias\u00a0<\/strong><br \/>\nGalardonadas: Garc\u00eda Cabrera, A.M., Garc\u00eda Soto, M.G.<br \/>\nTrabajo premiado: Ecosistema emprendedor para las\u00a0EBTs: visi\u00f3n basada en los recursos<br \/>\nFecha: 2009<\/p>\n<\/div><\/div><\/div><div class=\"fusion-layout-column fusion_builder_column fusion-builder-column-14 fusion_builder_column_1_3 1_3 fusion-flex-column\" style=\"--awb-bg-size:cover;--awb-width-large:33.333333333333%;--awb-margin-top-large:0px;--awb-spacing-right-large:5.76%;--awb-margin-bottom-large:20px;--awb-spacing-left-large:5.76%;--awb-width-medium:100%;--awb-order-medium:0;--awb-spacing-right-medium:1.92%;--awb-spacing-left-medium:1.92%;--awb-width-small:100%;--awb-order-small:0;--awb-spacing-right-small:1.92%;--awb-spacing-left-small:1.92%;\" id=\"fixed-height\"><div class=\"fusion-column-wrapper fusion-column-has-shadow fusion-flex-justify-content-flex-start fusion-content-layout-column\"><div class=\"fusion-image-element \" style=\"--awb-caption-title-font-family:var(--h2_typography-font-family);--awb-caption-title-font-weight:var(--h2_typography-font-weight);--awb-caption-title-font-style:var(--h2_typography-font-style);--awb-caption-title-size:var(--h2_typography-font-size);--awb-caption-title-transform:var(--h2_typography-text-transform);--awb-caption-title-line-height:var(--h2_typography-line-height);--awb-caption-title-letter-spacing:var(--h2_typography-letter-spacing);\"><span class=\" fusion-imageframe imageframe-none imageframe-7 hover-type-none\" class=\"image-magnify\" class=\"image-scroll\"><img decoding=\"async\" width=\"293\" height=\"172\" title=\"CajaCanaria\" src=\"https:\/\/eni.ulpgc.es\/wp-content\/uploads\/2020\/12\/CajaCanaria.png\" alt class=\"img-responsive wp-image-3685\" srcset=\"https:\/\/eni.ulpgc.es\/wp-content\/uploads\/2020\/12\/CajaCanaria-200x117.png 200w, https:\/\/eni.ulpgc.es\/wp-content\/uploads\/2020\/12\/CajaCanaria.png 293w\" sizes=\"(max-width: 1024px) 100vw, (max-width: 640px) 100vw, 293px\" \/><\/span><\/div><\/div><\/div><div class=\"fusion-layout-column fusion_builder_column fusion-builder-column-15 fusion_builder_column_2_3 2_3 fusion-flex-column\" style=\"--awb-bg-size:cover;--awb-width-large:66.666666666667%;--awb-margin-top-large:0px;--awb-spacing-right-large:2.88%;--awb-margin-bottom-large:20px;--awb-spacing-left-large:2.88%;--awb-width-medium:100%;--awb-order-medium:0;--awb-spacing-right-medium:1.92%;--awb-spacing-left-medium:1.92%;--awb-width-small:100%;--awb-order-small:0;--awb-spacing-right-small:1.92%;--awb-spacing-left-small:1.92%;\"><div class=\"fusion-column-wrapper fusion-column-has-shadow fusion-flex-justify-content-flex-start fusion-content-layout-column\"><div class=\"fusion-text fusion-text-8\"><p><strong>PREMIO MOTIVA-TEC\u00a0a la mejor comunicaci\u00f3n\u00a0del\u00a0II Congreso Internacional y X Seminario Iberoamericano de la RED MOTIVA\u00a0\u00abLa Universidad y el Emprendimiento\u00bb\u00a0<\/strong><br \/>\nGalardonadas: Garc\u00eda Cabrera, A.M., Garc\u00eda Soto, M.G.<br \/>\nTrabajo premiado: Ecosistema emprendedor para\u00a0EBTs: una visi\u00f3n basada en los recursos<br \/>\nFecha: 2009<\/p>\n<\/div><\/div><\/div><div class=\"fusion-layout-column fusion_builder_column fusion-builder-column-16 fusion_builder_column_1_3 1_3 fusion-flex-column\" style=\"--awb-bg-size:cover;--awb-width-large:33.333333333333%;--awb-margin-top-large:0px;--awb-spacing-right-large:5.76%;--awb-margin-bottom-large:20px;--awb-spacing-left-large:5.76%;--awb-width-medium:100%;--awb-order-medium:0;--awb-spacing-right-medium:1.92%;--awb-spacing-left-medium:1.92%;--awb-width-small:100%;--awb-order-small:0;--awb-spacing-right-small:1.92%;--awb-spacing-left-small:1.92%;\" id=\"fixed-height\"><div class=\"fusion-column-wrapper fusion-column-has-shadow fusion-flex-justify-content-flex-start fusion-content-layout-column\"><div class=\"fusion-image-element \" style=\"--awb-caption-title-font-family:var(--h2_typography-font-family);--awb-caption-title-font-weight:var(--h2_typography-font-weight);--awb-caption-title-font-style:var(--h2_typography-font-style);--awb-caption-title-size:var(--h2_typography-font-size);--awb-caption-title-transform:var(--h2_typography-text-transform);--awb-caption-title-line-height:var(--h2_typography-line-height);--awb-caption-title-letter-spacing:var(--h2_typography-letter-spacing);\"><span class=\" fusion-imageframe imageframe-none imageframe-8 hover-type-none\" class=\"image-magnify\" class=\"image-scroll\"><img decoding=\"async\" width=\"300\" height=\"116\" title=\"Motiva\" src=\"https:\/\/eni.ulpgc.es\/wp-content\/uploads\/2020\/12\/Motiva.png\" alt class=\"img-responsive wp-image-3687\" srcset=\"https:\/\/eni.ulpgc.es\/wp-content\/uploads\/2020\/12\/Motiva-200x77.png 200w, https:\/\/eni.ulpgc.es\/wp-content\/uploads\/2020\/12\/Motiva.png 300w\" sizes=\"(max-width: 1024px) 100vw, (max-width: 640px) 100vw, 300px\" \/><\/span><\/div><\/div><\/div><div class=\"fusion-layout-column fusion_builder_column fusion-builder-column-17 fusion_builder_column_2_3 2_3 fusion-flex-column\" style=\"--awb-bg-size:cover;--awb-width-large:66.666666666667%;--awb-margin-top-large:0px;--awb-spacing-right-large:2.88%;--awb-margin-bottom-large:20px;--awb-spacing-left-large:2.88%;--awb-width-medium:100%;--awb-order-medium:0;--awb-spacing-right-medium:1.92%;--awb-spacing-left-medium:1.92%;--awb-width-small:100%;--awb-order-small:0;--awb-spacing-right-small:1.92%;--awb-spacing-left-small:1.92%;\"><div class=\"fusion-column-wrapper fusion-column-has-shadow fusion-flex-justify-content-flex-start fusion-content-layout-column\"><div class=\"fusion-text fusion-text-9\"><p><strong>PREMIO Programa de Fomento de la Investigaci\u00f3n Empresarial en las Universidades Canarias.\u00a0Fundaci\u00f3n FYDE\u00a0CajaCanarias\u00a0<\/strong><br \/>\nGalardonadas: Garc\u00eda Cabrera, A.M., D\u00e9niz\u00a0D\u00e9niz, M.C.<br \/>\nTrabajo premiado: El\u00a0isofomorfismo\u00a0mim\u00e9tico y las ventajas de localizaci\u00f3n como determinantes de la elecci\u00f3n del modo de entrada<br \/>\nFecha: 2008<\/p>\n<\/div><\/div><\/div><div class=\"fusion-layout-column fusion_builder_column fusion-builder-column-18 fusion_builder_column_1_3 1_3 fusion-flex-column\" style=\"--awb-bg-size:cover;--awb-width-large:33.333333333333%;--awb-margin-top-large:0px;--awb-spacing-right-large:5.76%;--awb-margin-bottom-large:20px;--awb-spacing-left-large:5.76%;--awb-width-medium:100%;--awb-order-medium:0;--awb-spacing-right-medium:1.92%;--awb-spacing-left-medium:1.92%;--awb-width-small:100%;--awb-order-small:0;--awb-spacing-right-small:1.92%;--awb-spacing-left-small:1.92%;\" id=\"fixed-height\"><div class=\"fusion-column-wrapper fusion-column-has-shadow fusion-flex-justify-content-flex-start fusion-content-layout-column\"><div class=\"fusion-image-element \" style=\"--awb-caption-title-font-family:var(--h2_typography-font-family);--awb-caption-title-font-weight:var(--h2_typography-font-weight);--awb-caption-title-font-style:var(--h2_typography-font-style);--awb-caption-title-size:var(--h2_typography-font-size);--awb-caption-title-transform:var(--h2_typography-text-transform);--awb-caption-title-line-height:var(--h2_typography-line-height);--awb-caption-title-letter-spacing:var(--h2_typography-letter-spacing);\"><span class=\" fusion-imageframe imageframe-none imageframe-9 hover-type-none\" class=\"image-magnify\" class=\"image-scroll\"><img decoding=\"async\" width=\"293\" height=\"172\" title=\"CajaCanaria\" src=\"https:\/\/eni.ulpgc.es\/wp-content\/uploads\/2020\/12\/CajaCanaria.png\" alt class=\"img-responsive wp-image-3685\" srcset=\"https:\/\/eni.ulpgc.es\/wp-content\/uploads\/2020\/12\/CajaCanaria-200x117.png 200w, https:\/\/eni.ulpgc.es\/wp-content\/uploads\/2020\/12\/CajaCanaria.png 293w\" sizes=\"(max-width: 1024px) 100vw, (max-width: 640px) 100vw, 293px\" \/><\/span><\/div><\/div><\/div><div class=\"fusion-layout-column fusion_builder_column fusion-builder-column-19 fusion_builder_column_2_3 2_3 fusion-flex-column\" style=\"--awb-bg-size:cover;--awb-width-large:66.666666666667%;--awb-margin-top-large:0px;--awb-spacing-right-large:2.88%;--awb-margin-bottom-large:20px;--awb-spacing-left-large:2.88%;--awb-width-medium:100%;--awb-order-medium:0;--awb-spacing-right-medium:1.92%;--awb-spacing-left-medium:1.92%;--awb-width-small:100%;--awb-order-small:0;--awb-spacing-right-small:1.92%;--awb-spacing-left-small:1.92%;\"><div class=\"fusion-column-wrapper fusion-column-has-shadow fusion-flex-justify-content-flex-start fusion-content-layout-column\"><div class=\"fusion-text fusion-text-10\"><p><strong>PREMIO Programa de Fomento de la Investigaci\u00f3n Empresarial en las Universidades Canarias. Fundaci\u00f3n FYDE\u00a0CajaCanarias\u00a0<\/strong><br \/>\nGalardonadas: Garc\u00eda Cabrera, A.M., Garc\u00eda Soto, M.G.<br \/>\nTrabajo premiado: Reconocimiento de la oportunidad y\u00a0emprendedur\u00eda\u00a0de base tecnol\u00f3gica: un modelo din\u00e1mico<br \/>\nFecha: 2007<\/p>\n<\/div><\/div><\/div><div class=\"fusion-layout-column fusion_builder_column fusion-builder-column-20 fusion_builder_column_1_3 1_3 fusion-flex-column\" style=\"--awb-bg-size:cover;--awb-width-large:33.333333333333%;--awb-margin-top-large:0px;--awb-spacing-right-large:5.76%;--awb-margin-bottom-large:20px;--awb-spacing-left-large:5.76%;--awb-width-medium:100%;--awb-order-medium:0;--awb-spacing-right-medium:1.92%;--awb-spacing-left-medium:1.92%;--awb-width-small:100%;--awb-order-small:0;--awb-spacing-right-small:1.92%;--awb-spacing-left-small:1.92%;\" id=\"fixed-height\"><div class=\"fusion-column-wrapper fusion-column-has-shadow fusion-flex-justify-content-flex-start fusion-content-layout-column\"><div class=\"fusion-image-element \" style=\"--awb-caption-title-font-family:var(--h2_typography-font-family);--awb-caption-title-font-weight:var(--h2_typography-font-weight);--awb-caption-title-font-style:var(--h2_typography-font-style);--awb-caption-title-size:var(--h2_typography-font-size);--awb-caption-title-transform:var(--h2_typography-text-transform);--awb-caption-title-line-height:var(--h2_typography-line-height);--awb-caption-title-letter-spacing:var(--h2_typography-letter-spacing);\"><span class=\" fusion-imageframe imageframe-none imageframe-10 hover-type-none\" class=\"image-magnify\" class=\"image-scroll\"><img decoding=\"async\" width=\"293\" height=\"172\" title=\"CajaCanaria\" src=\"https:\/\/eni.ulpgc.es\/wp-content\/uploads\/2020\/12\/CajaCanaria.png\" alt class=\"img-responsive wp-image-3685\" srcset=\"https:\/\/eni.ulpgc.es\/wp-content\/uploads\/2020\/12\/CajaCanaria-200x117.png 200w, https:\/\/eni.ulpgc.es\/wp-content\/uploads\/2020\/12\/CajaCanaria.png 293w\" sizes=\"(max-width: 1024px) 100vw, (max-width: 640px) 100vw, 293px\" \/><\/span><\/div><\/div><\/div><div class=\"fusion-layout-column fusion_builder_column fusion-builder-column-21 fusion_builder_column_2_3 2_3 fusion-flex-column\" style=\"--awb-bg-size:cover;--awb-width-large:66.666666666667%;--awb-margin-top-large:0px;--awb-spacing-right-large:2.88%;--awb-margin-bottom-large:20px;--awb-spacing-left-large:2.88%;--awb-width-medium:100%;--awb-order-medium:0;--awb-spacing-right-medium:1.92%;--awb-spacing-left-medium:1.92%;--awb-width-small:100%;--awb-order-small:0;--awb-spacing-right-small:1.92%;--awb-spacing-left-small:1.92%;\"><div class=\"fusion-column-wrapper fusion-column-has-shadow fusion-flex-justify-content-flex-start fusion-content-layout-column\"><div class=\"fusion-text fusion-text-11\"><p><strong>PREMIO Programa de Fomento de la Investigaci\u00f3n<\/strong><br \/>\nEmpresarial en las Universidades Canarias. Fundaci\u00f3n FYDE CajaCanarias<br \/>\nGalardonadas: Araujo Cabrera, Y.G., Garc\u00eda Soto, M.G. Trabajo premiado: Liderazgo directivo y estrategia: una aplicaci\u00f3n emp\u00edrica a las empresas hoteleras canarias.<br \/>\nFecha: 2001<\/p>\n<\/div><\/div><\/div><div class=\"fusion-layout-column fusion_builder_column fusion-builder-column-22 fusion_builder_column_1_3 1_3 fusion-flex-column\" style=\"--awb-bg-size:cover;--awb-width-large:33.333333333333%;--awb-margin-top-large:0px;--awb-spacing-right-large:5.76%;--awb-margin-bottom-large:20px;--awb-spacing-left-large:5.76%;--awb-width-medium:100%;--awb-order-medium:0;--awb-spacing-right-medium:1.92%;--awb-spacing-left-medium:1.92%;--awb-width-small:100%;--awb-order-small:0;--awb-spacing-right-small:1.92%;--awb-spacing-left-small:1.92%;\" id=\"fixed-height\"><div class=\"fusion-column-wrapper fusion-column-has-shadow fusion-flex-justify-content-flex-start fusion-content-layout-column\"><div class=\"fusion-image-element \" style=\"--awb-caption-title-font-family:var(--h2_typography-font-family);--awb-caption-title-font-weight:var(--h2_typography-font-weight);--awb-caption-title-font-style:var(--h2_typography-font-style);--awb-caption-title-size:var(--h2_typography-font-size);--awb-caption-title-transform:var(--h2_typography-text-transform);--awb-caption-title-line-height:var(--h2_typography-line-height);--awb-caption-title-letter-spacing:var(--h2_typography-letter-spacing);\"><span class=\" fusion-imageframe imageframe-none imageframe-11 hover-type-none\" class=\"image-magnify\" class=\"image-scroll\"><img decoding=\"async\" width=\"293\" height=\"172\" title=\"CajaCanaria\" src=\"https:\/\/eni.ulpgc.es\/wp-content\/uploads\/2020\/12\/CajaCanaria.png\" alt class=\"img-responsive wp-image-3685\" srcset=\"https:\/\/eni.ulpgc.es\/wp-content\/uploads\/2020\/12\/CajaCanaria-200x117.png 200w, https:\/\/eni.ulpgc.es\/wp-content\/uploads\/2020\/12\/CajaCanaria.png 293w\" sizes=\"(max-width: 1024px) 100vw, (max-width: 640px) 100vw, 293px\" \/><\/span><\/div><\/div><\/div><div class=\"fusion-layout-column fusion_builder_column fusion-builder-column-23 fusion_builder_column_2_3 2_3 fusion-flex-column\" style=\"--awb-bg-size:cover;--awb-width-large:66.666666666667%;--awb-margin-top-large:0px;--awb-spacing-right-large:2.88%;--awb-margin-bottom-large:20px;--awb-spacing-left-large:2.88%;--awb-width-medium:100%;--awb-order-medium:0;--awb-spacing-right-medium:1.92%;--awb-spacing-left-medium:1.92%;--awb-width-small:100%;--awb-order-small:0;--awb-spacing-right-small:1.92%;--awb-spacing-left-small:1.92%;\"><div class=\"fusion-column-wrapper fusion-column-has-shadow fusion-flex-justify-content-flex-start fusion-content-layout-column\"><div class=\"fusion-text fusion-text-12\"><p><strong>PREMIO Canarias7 en el apartado de Econom\u00eda<\/strong><br \/>\nGalardonados: Equipo investigador del trabajo Gran Canaria Siglo XXI<br \/>\nTrabajo premiado: Proyecto Gran Canaria Siglo XXI<br \/>\nFecha:\u00a01998<\/p>\n<\/div><\/div><\/div><div class=\"fusion-layout-column fusion_builder_column fusion-builder-column-24 fusion_builder_column_1_3 1_3 fusion-flex-column\" style=\"--awb-bg-size:cover;--awb-width-large:33.333333333333%;--awb-margin-top-large:0px;--awb-spacing-right-large:5.76%;--awb-margin-bottom-large:20px;--awb-spacing-left-large:5.76%;--awb-width-medium:100%;--awb-order-medium:0;--awb-spacing-right-medium:1.92%;--awb-spacing-left-medium:1.92%;--awb-width-small:100%;--awb-order-small:0;--awb-spacing-right-small:1.92%;--awb-spacing-left-small:1.92%;\" id=\"fixed-height\"><div class=\"fusion-column-wrapper fusion-column-has-shadow fusion-flex-justify-content-flex-start fusion-content-layout-column\"><div class=\"fusion-image-element \" style=\"--awb-caption-title-font-family:var(--h2_typography-font-family);--awb-caption-title-font-weight:var(--h2_typography-font-weight);--awb-caption-title-font-style:var(--h2_typography-font-style);--awb-caption-title-size:var(--h2_typography-font-size);--awb-caption-title-transform:var(--h2_typography-text-transform);--awb-caption-title-line-height:var(--h2_typography-line-height);--awb-caption-title-letter-spacing:var(--h2_typography-letter-spacing);\"><span class=\" fusion-imageframe imageframe-none imageframe-12 hover-type-none\" class=\"image-magnify\" class=\"image-scroll\"><img decoding=\"async\" width=\"300\" height=\"56\" title=\"Canarias7\" src=\"https:\/\/eni.ulpgc.es\/wp-content\/uploads\/2020\/12\/Canarias7.png\" alt class=\"img-responsive wp-image-3681\" srcset=\"https:\/\/eni.ulpgc.es\/wp-content\/uploads\/2020\/12\/Canarias7-200x37.png 200w, https:\/\/eni.ulpgc.es\/wp-content\/uploads\/2020\/12\/Canarias7.png 300w\" sizes=\"(max-width: 1024px) 100vw, (max-width: 640px) 100vw, 300px\" \/><\/span><\/div><\/div><\/div><\/div><\/div><\/p>\n","protected":false},"excerpt":{"rendered":"","protected":false},"author":1,"featured_media":0,"parent":0,"menu_order":0,"comment_status":"closed","ping_status":"closed","template":"","meta":[],"_links":{"self":[{"href":"https:\/\/eni.ulpgc.es\/index.php\/wp-json\/wp\/v2\/pages\/3674"}],"collection":[{"href":"https:\/\/eni.ulpgc.es\/index.php\/wp-json\/wp\/v2\/pages"}],"about":[{"href":"https:\/\/eni.ulpgc.es\/index.php\/wp-json\/wp\/v2\/types\/page"}],"author":[{"embeddable":true,"href":"https:\/\/eni.ulpgc.es\/index.php\/wp-json\/wp\/v2\/users\/1"}],"replies":[{"embeddable":true,"href":"https:\/\/eni.ulpgc.es\/index.php\/wp-json\/wp\/v2\/comments?post=3674"}],"version-history":[{"count":35,"href":"https:\/\/eni.ulpgc.es\/index.php\/wp-json\/wp\/v2\/pages\/3674\/revisions"}],"predecessor-version":[{"id":3996,"href":"https:\/\/eni.ulpgc.es\/index.php\/wp-json\/wp\/v2\/pages\/3674\/revisions\/3996"}],"wp:attachment":[{"href":"https:\/\/eni.ulpgc.es\/index.php\/wp-json\/wp\/v2\/media?parent=3674"}],"curies":[{"name":"wp","href":"https:\/\/api.w.org\/{rel}","templated":true}]}}